{"id":5285,"date":"2024-02-13T07:42:37","date_gmt":"2024-02-13T06:42:37","guid":{"rendered":"https:\/\/www.kontakt.org.rs\/schedule-2\/"},"modified":"2024-03-21T08:04:09","modified_gmt":"2024-03-21T07:04:09","slug":"satnica-2024","status":"publish","type":"page","link":"https:\/\/www.kontakt.org.rs\/en\/satnica-2024\/","title":{"rendered":"Schedule"},"content":{"rendered":"<p><div class=\"fusion-fullwidth fullwidth-box fusion-builder-row-1 fusion-flex-container has-pattern-background has-mask-background hundred-percent-fullwidth non-hundred-percent-height-scrolling\" style=\"--awb-border-radius-top-left:0px;--awb-border-radius-top-right:0px;--awb-border-radius-bottom-right:0px;--awb-border-radius-bottom-left:0px;--awb-padding-top:3%;--awb-padding-right:6%;--awb-padding-bottom:0px;--awb-padding-left:6%;--awb-background-color:rgba(237,206,225,0);--awb-flex-wrap:wrap;\" ><div class=\"fusion-builder-row fusion-row fusion-flex-align-items-flex-start fusion-flex-content-wrap\" style=\"width:calc( 100% + 0px ) !important;max-width:calc( 100% + 0px ) !important;margin-left: calc(-0px \/ 2 );margin-right: calc(-0px \/ 2 );\"><div class=\"fusion-layout-column fusion_builder_column fusion-builder-column-0 fusion_builder_column_1_3 1_3 fusion-flex-column\" style=\"--awb-bg-color:var(--awb-color1);--awb-bg-color-hover:var(--awb-color1);--awb-bg-size:cover;--awb-width-large:33.333333333333%;--awb-margin-top-large:20px;--awb-spacing-right-large:0px;--awb-margin-bottom-large:20px;--awb-spacing-left-large:0px;--awb-width-medium:100%;--awb-order-medium:0;--awb-spacing-right-medium:0px;--awb-spacing-left-medium:0px;--awb-width-small:100%;--awb-order-small:0;--awb-spacing-right-small:0px;--awb-spacing-left-small:0px;\" data-scroll-devices=\"small-visibility,medium-visibility,large-visibility\"><div class=\"fusion-column-wrapper fusion-column-has-shadow fusion-flex-justify-content-flex-start fusion-content-layout-column\"><div class=\"fusion-text fusion-text-1 fusion-no-small-visibility fusion-no-medium-visibility\" style=\"--awb-content-alignment:right;--awb-margin-right:50px;\"><p style=\"text-align: right;\"><strong>Tuesday<\/strong><br \/>\n<strong style=\"color: #e80e8a; font-size: 32px;\">March 19th<\/strong><\/p>\n<\/div><div class=\"fusion-text fusion-text-2 fusion-no-large-visibility\" style=\"--awb-content-alignment:left;--awb-margin-right:50px;\"><p><strong>Tuesday<\/strong><br \/>\n<strong style=\"color: #e80e8a; font-size: 32px;\">March 19th<\/strong><\/p>\n<\/div><div class=\"fusion-separator fusion-no-large-visibility fusion-full-width-sep\" style=\"align-self: center;margin-left: auto;margin-right: auto;flex-grow:1;margin-bottom:25px;width:100%;\"><div class=\"fusion-separator-border sep-single sep-dashed\" style=\"--awb-height:20px;--awb-amount:20px;--awb-sep-color:#e80e8a;border-color:#e80e8a;border-top-width:1px;\"><\/div><\/div><\/div><\/div><div class=\"fusion-layout-column fusion_builder_column fusion-builder-column-1 fusion_builder_column_2_3 2_3 fusion-flex-column\" style=\"--awb-bg-size:cover;--awb-width-large:66.666666666667%;--awb-margin-top-large:20px;--awb-spacing-right-large:0px;--awb-margin-bottom-large:20px;--awb-spacing-left-large:0px;--awb-width-medium:100%;--awb-order-medium:0;--awb-spacing-right-medium:0px;--awb-spacing-left-medium:0px;--awb-width-small:100%;--awb-order-small:0;--awb-spacing-right-small:0px;--awb-spacing-left-small:0px;\"><div class=\"fusion-column-wrapper fusion-column-has-shadow fusion-flex-justify-content-flex-start fusion-content-layout-column\"><div class=\"fusion-text fusion-text-3\" style=\"--awb-margin-right:50px;\"><p><strong style=\"color: #e80e8a;\">@DOR\u0106OL PLATZ:<\/strong><br \/>\n18.00 <a href=\"https:\/\/www.kontakt.org.rs\/persefonin-vrt-izlozba-slika-katarine-zutic-na-osmom-kontaktu\/?lang=en\"><strong style=\"color: #e80e8a;\">PERSEPHONE\u2019S GARDEN \u2013 Katarine \u017duti\u0107 Exhibition Opening<\/strong><\/a><br \/>\n<em>*On display until the 8th of April<\/em><\/p>\n<\/div><\/div><\/div><\/div><\/div><div class=\"fusion-fullwidth fullwidth-box fusion-builder-row-2 fusion-flex-container has-pattern-background has-mask-background hundred-percent-fullwidth non-hundred-percent-height-scrolling\" style=\"--awb-border-radius-top-left:0px;--awb-border-radius-top-right:0px;--awb-border-radius-bottom-right:0px;--awb-border-radius-bottom-left:0px;--awb-padding-top:3%;--awb-padding-right:6%;--awb-padding-bottom:0px;--awb-padding-left:6%;--awb-background-color:#edcee1;--awb-flex-wrap:wrap;\" ><div class=\"fusion-builder-row fusion-row fusion-flex-align-items-flex-start fusion-flex-content-wrap\" style=\"width:calc( 100% + 0px ) !important;max-width:calc( 100% + 0px ) !important;margin-left: calc(-0px \/ 2 );margin-right: calc(-0px \/ 2 );\"><div class=\"fusion-layout-column fusion_builder_column fusion-builder-column-2 fusion_builder_column_1_3 1_3 fusion-flex-column\" style=\"--awb-bg-size:cover;--awb-width-large:33.333333333333%;--awb-margin-top-large:20px;--awb-spacing-right-large:0px;--awb-margin-bottom-large:20px;--awb-spacing-left-large:0px;--awb-width-medium:100%;--awb-order-medium:0;--awb-spacing-right-medium:0px;--awb-spacing-left-medium:0px;--awb-width-small:100%;--awb-order-small:0;--awb-spacing-right-small:0px;--awb-spacing-left-small:0px;\"><div class=\"fusion-column-wrapper fusion-column-has-shadow fusion-flex-justify-content-flex-start fusion-content-layout-column\"><div class=\"fusion-text fusion-text-4 fusion-no-small-visibility fusion-no-medium-visibility\" style=\"--awb-content-alignment:right;--awb-margin-right:50px;\"><p><strong>Thursday<\/strong><br \/>\n<strong style=\"color: #e80e8a; font-size: 32px;\">March 21st<\/strong><br \/>\n<strong>Conference Day 1<\/strong><\/p>\n<\/div><div class=\"fusion-text fusion-text-5 fusion-no-large-visibility\" style=\"--awb-content-alignment:left;--awb-margin-right:50px;\"><p><strong>Thursday<\/strong><br \/>\n<strong style=\"color: #e80e8a; font-size: 32px;\">March 21st<\/strong><br \/>\n<strong>Conference Day 1<\/strong><\/p>\n<\/div><div class=\"fusion-separator fusion-no-large-visibility fusion-full-width-sep\" style=\"align-self: center;margin-left: auto;margin-right: auto;flex-grow:1;margin-bottom:25px;width:100%;\"><div class=\"fusion-separator-border sep-single sep-dashed\" style=\"--awb-height:20px;--awb-amount:20px;--awb-sep-color:#e80e8a;border-color:#e80e8a;border-top-width:1px;\"><\/div><\/div><\/div><\/div><div class=\"fusion-layout-column fusion_builder_column fusion-builder-column-3 fusion_builder_column_2_3 2_3 fusion-flex-column\" style=\"--awb-bg-size:cover;--awb-width-large:66.666666666667%;--awb-margin-top-large:20px;--awb-spacing-right-large:0px;--awb-margin-bottom-large:20px;--awb-spacing-left-large:0px;--awb-width-medium:100%;--awb-order-medium:0;--awb-spacing-right-medium:0px;--awb-spacing-left-medium:0px;--awb-width-small:100%;--awb-order-small:0;--awb-spacing-right-small:0px;--awb-spacing-left-small:0px;\"><div class=\"fusion-column-wrapper fusion-column-has-shadow fusion-flex-justify-content-flex-start fusion-content-layout-column\"><div class=\"fusion-text fusion-text-6\" style=\"--awb-margin-right:50px;\"><p><strong style=\"color: #e80e8a;\">@JUGOSLOVENSKA KINOTEKA:<\/strong><br \/>\n<strong>1 Uzun Mirkova Street: Sala Makavejev<\/strong><br \/>\n12.00-12.30 <strong>Opening Ceremony &amp; Cocktail<\/strong><br \/>\n<strong>Speakers:<\/strong> <a href=\"https:\/\/www.kontakt.org.rs\/delegates\/tomislav-grujic-srbija\/?lang=en\">Tomislav Gruji\u0107<\/a> (RS), <a href=\"https:\/\/www.kontakt.org.rs\/delegates\/clare-sears-british-council-uk-rs\/?lang=en\">Clare Sears<\/a> (British Council, UK), <a href=\"https:\/\/www.kontakt.org.rs\/delegates\/ivan-ilic-rts-big-band-srb\/?lang=en\">Ivan Ili\u0107<\/a> (Udru\u017eenje jazz i rock muzi\u010dara, RS), <a href=\"https:\/\/www.kontakt.org.rs\/delegates\/momcilo-moma-rajin-muzicki-kriticar-srbija\/?lang=en\">Mom\u010dilo Moma Rajin<\/a> (muzi\u010dki kriti\u010dar i istori\u010dar umetnosti, RS), <a href=\"https:\/\/www.kontakt.org.rs\/delegates\/jelena-jankovic-begus-cebef-srbija\/?lang=en\">Jelena Jankovi\u0107 Begu\u0161<\/a> (CEBEF, RS)<\/p>\n<ul>\n<li style=\"font-size: 16px;\"><em>An introduction to the conference with a networking opportunity while enjoying a cocktail. <\/em><em>A reception for all participants, featuring a brief speech by the organizers that sets the <\/em><em>tone for the upcoming panels and events.<\/em><\/li>\n<\/ul>\n<p>12.45\u201313.30 <strong>The State of Regional Collaboration and International Promotion<\/strong> (English)<br \/>\n<strong>Moderator:<\/strong> <a href=\"https:\/\/www.kontakt.org.rs\/delegates\/katarina-epstajn-radio-beograd-srb\/?lang=en\">Katarina Ep\u0161tajn<\/a> (Radio Beograd, RS)<br \/>\n<b>Speakers: <\/b><a href=\"https:\/\/www.kontakt.org.rs\/delegates\/aneta-brejchova-soundczech-ceska-republika\/?lang=en\">Aneta Brejchova<\/a> (SoundCzech, CZ), <a href=\"https:\/\/www.kontakt.org.rs\/delegates\/ante-zvonimir-stamac-we-move-music-croatia-hrv\/?lang=en\">Ante Zvonimir Stama\u0107<\/a> (We Move Music Croatia, HR), <a href=\"https:\/\/www.kontakt.org.rs\/delegates\/milan-lucic-british-council-head-of-arts-western-balkans-rs\/?lang=en\">Milan Lu\u010di\u0107<\/a> (British Council, RS), <a href=\"https:\/\/www.kontakt.org.rs\/delegates\/ognen-stojanoski-password-production-severna-makedonija\/?lang=en\">Ognen Stojanoski<\/a> (Password Production, MK)<\/p>\n<ul>\n<li style=\"font-size: 16px;\"><em>A panel discussion that will delve deep into the analysis of the current ecosystem in the <\/em><em>regional music industry, addressing the diagnostics of the existing state and <\/em><em>relationships and exploring how to strengthen connections and create new opportunities <\/em><em>for artists. It will discuss the key obstacles to cross-border cooperation and how to <\/em><em>overcome them, aiming to strengthen the regional music scene and create sustainable <\/em><em>strategies for promotion on the global stage.<\/em><\/li>\n<\/ul>\n<p>13.45\u201315.15 <strong>Music as a Superspice: Theatre, Advertising, Campaigns<\/strong><br \/>\n<strong>Moderator:<\/strong> <a href=\"https:\/\/www.kontakt.org.rs\/delegates\/zdenka-milanovic-lampshade-media-srb\/?lang=en\">Zdenka Milanovi\u0107<\/a> (Lampshade Media, RS)<br \/>\n<b>Speakers: <\/b><a href=\"https:\/\/www.kontakt.org.rs\/delegates\/aleksandra-kovac-kompozitorka-kantautorka-srbija\/?lang=en\">Aleksandra Kova\u010d<\/a> (kompozitorka i kantautorka, RS), <a href=\"https:\/\/www.kontakt.org.rs\/delegates\/ana-krstajic-kompozitorka-srbija\/?lang=en\">Ana Krstaji\u0107<\/a> (kompozitorka, RS), <a href=\"https:\/\/www.kontakt.org.rs\/delegates\/bosko-mijuskovic-straight-mickey-and-the-boyz-turbo-trans-turisti-srbija\/?lang=en\">Bo\u0161ko Miju\u0161kovi\u0107<\/a> (straight mickey and the boyz, Turbo Trans Turisti, RS), <a href=\"https:\/\/www.kontakt.org.rs\/delegates\/srecko-barbaric-sokoj-srbija\/?lang=en\">Sre\u0107ko Barbari\u0107<\/a> (SOKOJ, RS)<\/p>\n<ul>\n<li style=\"font-size: 16px;\"><em>The panel delves into how music can enrich and transform various creative and commercial projects. From performances that use music to enhance emotional experience, through marketing campaigns relying on musical elements to attract attention and improve branding, to social and advertising campaigns using the power of music to send strong messages, this panel reveals how music is an indispensable element in creating a deeper impression on the audience. By considering examples of successful and less successful integrations of music, panel participants will share their insights and experiences, offering valuable lessons on using music as an effective tool in various contexts.<\/em><\/li>\n<\/ul>\n<p>15.45\u201316.45 <strong>Three Paths from the Start (Long-Run Panel)<br \/>\nI Promoters-Entrepreneurs: Freedom, Madness, the Real Deal or All of the Above<\/strong><\/p>\n<p><strong>Moderator: <\/strong><a href=\"https:\/\/www.kontakt.org.rs\/delegates\/ivan-sarar-savetnik-za-medjunarodnu-saradnju-kontakt-konferencije-showcase-a-i-festivala-hrvatska\/?lang=en\">Ivan \u0160arar<\/a> (Kontakt, HR)<br \/>\n<b>Speakers: <\/b><a style=\"font-family: var(--awb-text-font-family); font-size: var(--awb-font-size); font-style: var(--awb-text-font-style); font-weight: var(--awb-text-font-weight); letter-spacing: var(--awb-letter-spacing); text-align: var(--awb-content-alignment); text-transform: var(--awb-text-transform); background-color: var(--awb-bg-color-hover);\" href=\"https:\/\/www.kontakt.org.rs\/delegates\/dejan-grastic-fusion-event-srb-2\/?lang=en\">Dejan Grasti\u0107<\/a><span style=\"color: var(--awb-text-color); font-family: var(--awb-text-font-family); font-size: var(--awb-font-size); font-style: var(--awb-text-font-style); font-weight: var(--awb-text-font-weight); letter-spacing: var(--awb-letter-spacing); text-align: var(--awb-content-alignment); text-transform: var(--awb-text-transform); background-color: var(--awb-bg-color-hover);\"> (Fusion Event, RS), <\/span><a style=\"font-family: var(--awb-text-font-family); font-size: var(--awb-font-size); font-style: var(--awb-text-font-style); font-weight: var(--awb-text-font-weight); letter-spacing: var(--awb-letter-spacing); text-align: var(--awb-content-alignment); text-transform: var(--awb-text-transform); background-color: var(--awb-bg-color-hover);\" href=\"https:\/\/www.kontakt.org.rs\/delegates\/dragan-novicic-promoter-booker-srbija\/?lang=en\">Dragan Novi\u010di\u0107<\/a><span style=\"color: var(--awb-text-color); font-family: var(--awb-text-font-family); font-size: var(--awb-font-size); font-style: var(--awb-text-font-style); font-weight: var(--awb-text-font-weight); letter-spacing: var(--awb-letter-spacing); text-align: var(--awb-content-alignment); text-transform: var(--awb-text-transform); background-color: var(--awb-bg-color-hover);\"> (promoter i booker, RS), <\/span><a style=\"font-family: var(--awb-text-font-family); font-size: var(--awb-font-size); font-style: var(--awb-text-font-style); font-weight: var(--awb-text-font-weight); letter-spacing: var(--awb-letter-spacing); text-align: var(--awb-content-alignment); text-transform: var(--awb-text-transform); background-color: var(--awb-bg-color-hover);\" href=\"https:\/\/www.kontakt.org.rs\/delegates\/haris-tancica-booking-menager-hr\/?lang=en\">Haris Tan\u010dica<\/a><span style=\"color: var(--awb-text-color); font-family: var(--awb-text-font-family); font-size: var(--awb-font-size); font-style: var(--awb-text-font-style); font-weight: var(--awb-text-font-weight); letter-spacing: var(--awb-letter-spacing); text-align: var(--awb-content-alignment); text-transform: var(--awb-text-transform); background-color: var(--awb-bg-color-hover);\"> (Rije\u010dka Zve\u010dka, HR), <\/span><a style=\"font-family: var(--awb-text-font-family); font-size: var(--awb-font-size); font-style: var(--awb-text-font-style); font-weight: var(--awb-text-font-weight); letter-spacing: var(--awb-letter-spacing); text-align: var(--awb-content-alignment); text-transform: var(--awb-text-transform); background-color: var(--awb-bg-color-hover);\" href=\"https:\/\/www.kontakt.org.rs\/delegates\/sanjin-djukic-laa-pola-hrvatska\/?lang=en\">Sanjin \u0110uki\u0107<\/a><span style=\"color: var(--awb-text-color); font-family: var(--awb-text-font-family); font-size: var(--awb-font-size); font-style: var(--awb-text-font-style); font-weight: var(--awb-text-font-weight); letter-spacing: var(--awb-letter-spacing); text-align: var(--awb-content-alignment); text-transform: var(--awb-text-transform); background-color: var(--awb-bg-color-hover);\"> (LAA, Pola, HR), <\/span><a style=\"font-family: var(--awb-text-font-family); font-size: var(--awb-font-size); font-style: var(--awb-text-font-style); font-weight: var(--awb-text-font-weight); letter-spacing: var(--awb-letter-spacing); text-align: var(--awb-content-alignment); text-transform: var(--awb-text-transform); background-color: var(--awb-bg-color-hover);\" href=\"https:\/\/www.kontakt.org.rs\/delegates\/zoran-vulovic-vule-long-play-arsenal-fest-srb\/?lang=en\">Zoran Vulovi\u0107 Vule<\/a><span style=\"color: var(--awb-text-color); font-family: var(--awb-text-font-family); font-size: var(--awb-font-size); font-style: var(--awb-text-font-style); font-weight: var(--awb-text-font-weight); letter-spacing: var(--awb-letter-spacing); text-align: var(--awb-content-alignment); text-transform: var(--awb-text-transform); background-color: var(--awb-bg-color-hover);\"> (Long Play, Arsenal Fest, RS)<\/span><\/p>\n<ul>\n<li style=\"font-size: 16px;\"><em>This conference segment is focusing on three key aspects of the music industry through parallel discussions. The first topic, &#8220;Promoters-Entrepreneurs: Freedom, Madness, the Real Deal or All of the Above,&#8221; explores the delicate balance between creative freedom and business challenges in the music business. The panel addresses how to strike a balance between artistic vision and economic realities, and how sometimes stubbornness and irrational perseverance can be crucial for success. Participants will share personal stories of challenges and victories on their journey to realizing their musical dreams, offering insights into the importance of perseverance, resilience, and passion in the world of music.<\/em><\/li>\n<\/ul>\n<p><strong style=\"color: #e80e8a;\">@ SPRAT:<br \/>\n<\/strong>14.00\u201315.15 <strong>New Faces \u2013 closed mentorship<\/strong><br \/>\n<b>Speakers:<\/b> New Faces (10), <a href=\"https:\/\/www.kontakt.org.rs\/delegates\/marko-radojkovic-kisobran-srb\/?lang=en\">Marko Radojkovi\u0107<\/a> (Ki\u0161obran, Hali Gali, RS) \u2013 mentor, <a href=\"https:\/\/www.kontakt.org.rs\/delegates\/milica-fajgelj-bassivity-digital-boomerang-artist-production-srb\/?lang=en\">Milica Fajgelj<\/a> (Bassivity Digital, Boomerang Artist Production, RS) \u2013 mentor, <a href=\"https:\/\/www.kontakt.org.rs\/delegates\/nela-peshovska-password-production-north-macedonia\/?lang=en\">Nela Peshovska<\/a> (Password Production, MK) \u2013 mentor, <a href=\"https:\/\/www.kontakt.org.rs\/delegates\/sanjin-djukic-laa-pola-hrvatska\/?lang=en\">Sanjin \u0110uki\u0107<\/a> (LAA, Pola, HR) \u2013 mentor<\/p>\n<ul>\n<li style=\"font-size: 16px;\"><em>This program is specifically designed as a platform for interaction between new talents <\/em><em>and experienced music professionals. Its goal is to enable young artists to develop <\/em><em>through direct communication, advice, and expert guidance that can significantly impact <\/em><em>their career in the music industry. Participants will have the opportunity to discuss their <\/em><em>works, ask questions, and receive constructive feedback that can aid in their further <\/em><em>artistic and professional development.<\/em><\/li>\n<\/ul>\n<p><strong style=\"color: #e80e8a;\">@ ELEKTROPIONIR:<\/strong><br \/>\n15.45\u201316.45 <strong>Burnout as a Wake-up Call<\/strong><br \/>\n<b>Moderator:<\/b> <a href=\"https:\/\/www.kontakt.org.rs\/delegates\/ruzica-vrhovac-radio-beograd-202-srb\/?lang=en\">Ru\u017eica Vrhovac<\/a> (Radio Beograd 202, RS)<br \/>\n<b>Speakers: <\/b><a href=\"https:\/\/www.kontakt.org.rs\/delegates\/dejan-nikolic-gestalt-edukant-srbija\/?lang=en\">Dejan Nikoli\u0107<\/a> Gestalt Psichotherapist (educant), RS, <a href=\"https:\/\/www.kontakt.org.rs\/delegates\/lana-nikolic-slobodna-novinarka-i-aktivistkinja-srbija\/?lang=en\">Lana Nikoli\u0107<\/a> (slobodna novinarka i aktivistkinja, RS), <a href=\"https:\/\/www.kontakt.org.rs\/delegates\/marko-louis-srbija\/?lang=en\">Marko Louis<\/a> (RS), <a href=\"https:\/\/www.kontakt.org.rs\/delegates\/marko-selic-marcelo-srbija\/?lang=en\">Marko \u0160eli\u0107 Mar\u010delo<\/a> (RS)<\/p>\n<ul>\n<li style=\"font-size: 16px;\"><em>The panel deepens the understanding of burnout syndrome among music professionals, <\/em><em>emphasizing the importance of prevention and effective coping strategies. This session <\/em><em>opens a discussion on mental health in creative industries, exploring how recognizing <\/em><em>and responding to signs of burnout can initiate important changes, both in the <\/em><em>professional and personal lives of participants. Approaches to maintaining balance and <\/em><em>well-being in the demanding environment of the music industry are considered.<\/em><\/li>\n<\/ul>\n<\/div><div class=\"fusion-separator fusion-full-width-sep\" style=\"align-self: center;margin-left: auto;margin-right: auto;flex-grow:1;margin-bottom:25px;width:100%;\"><div class=\"fusion-separator-border sep-single sep-solid\" style=\"--awb-height:20px;--awb-amount:20px;--awb-sep-color:#e80e8a;border-color:#e80e8a;border-top-width:1px;\"><\/div><\/div><div class=\"fusion-text fusion-text-7\" style=\"--awb-margin-right:50px;\"><p><strong style=\"color: #e80e8a;\">@DOR\u0106OL PLATZ:<\/strong><br \/>18.00-21.00 <strong style=\"color: #e80e8a;\">PERSEPHONE\u2019S GARDEN: DJ Nemanja A\u0107imovi\u0107<\/strong><br \/>21.00 <a href=\"https:\/\/www.kontakt.org.rs\/daddy-g-kontakt-24-dorcol-platz\/?lang=en\"><strong style=\"color: #e80e8a;\">Daddy G (Massive Attack)<\/strong><\/a> \/ DJ Set<\/p>\n<p><strong style=\"color: #e80e8a;\">@DOM OMLADINE:<\/strong><br \/>21.00 <a href=\"https:\/\/www.kontakt.org.rs\/neno-belan-kontakt-24-dom-omladine\/?lang=en\"><strong style=\"color: #e80e8a;\">Neno Belan &amp; Fiumens<\/strong><\/a> \/ Concert<\/p>\n<\/div><\/div><\/div><\/div><\/div><div class=\"fusion-fullwidth fullwidth-box fusion-builder-row-3 fusion-flex-container has-pattern-background has-mask-background hundred-percent-fullwidth non-hundred-percent-height-scrolling\" style=\"--awb-border-radius-top-left:0px;--awb-border-radius-top-right:0px;--awb-border-radius-bottom-right:0px;--awb-border-radius-bottom-left:0px;--awb-padding-top:3%;--awb-padding-right:6%;--awb-padding-bottom:0px;--awb-padding-left:6%;--awb-background-color:rgba(237,206,225,0);--awb-flex-wrap:wrap;\" ><div class=\"fusion-builder-row fusion-row fusion-flex-align-items-flex-start fusion-flex-content-wrap\" style=\"width:calc( 100% + 0px ) !important;max-width:calc( 100% + 0px ) !important;margin-left: calc(-0px \/ 2 );margin-right: calc(-0px \/ 2 );\"><div class=\"fusion-layout-column fusion_builder_column fusion-builder-column-4 fusion_builder_column_1_3 1_3 fusion-flex-column\" style=\"--awb-bg-size:cover;--awb-width-large:33.333333333333%;--awb-margin-top-large:20px;--awb-spacing-right-large:0px;--awb-margin-bottom-large:20px;--awb-spacing-left-large:0px;--awb-width-medium:100%;--awb-order-medium:0;--awb-spacing-right-medium:0px;--awb-spacing-left-medium:0px;--awb-width-small:100%;--awb-order-small:0;--awb-spacing-right-small:0px;--awb-spacing-left-small:0px;\"><div class=\"fusion-column-wrapper fusion-column-has-shadow fusion-flex-justify-content-flex-start fusion-content-layout-column\"><div class=\"fusion-text fusion-text-8 fusion-no-small-visibility fusion-no-medium-visibility\" style=\"--awb-content-alignment:right;--awb-margin-right:50px;\"><p><strong>Friday<\/strong><br \/>\n<strong style=\"color: #e80e8a; font-size: 32px;\">March 22nd<\/strong><br \/>\n<strong>Day 2<\/strong><\/p>\n<\/div><div class=\"fusion-text fusion-text-9 fusion-no-large-visibility\" style=\"--awb-content-alignment:left;--awb-margin-right:50px;\"><p><strong>Friday<\/strong><br \/>\n<strong style=\"color: #e80e8a; font-size: 32px;\">March 22nd<\/strong><br \/>\n<strong>Day 2<\/strong><\/p>\n<\/div><div class=\"fusion-separator fusion-no-large-visibility fusion-full-width-sep\" style=\"align-self: center;margin-left: auto;margin-right: auto;flex-grow:1;margin-bottom:25px;width:100%;\"><div class=\"fusion-separator-border sep-single sep-dashed\" style=\"--awb-height:20px;--awb-amount:20px;--awb-sep-color:#e80e8a;border-color:#e80e8a;border-top-width:1px;\"><\/div><\/div><\/div><\/div><div class=\"fusion-layout-column fusion_builder_column fusion-builder-column-5 fusion_builder_column_2_3 2_3 fusion-flex-column\" style=\"--awb-bg-size:cover;--awb-width-large:66.666666666667%;--awb-margin-top-large:20px;--awb-spacing-right-large:0px;--awb-margin-bottom-large:20px;--awb-spacing-left-large:0px;--awb-width-medium:100%;--awb-order-medium:0;--awb-spacing-right-medium:0px;--awb-spacing-left-medium:0px;--awb-width-small:100%;--awb-order-small:0;--awb-spacing-right-small:0px;--awb-spacing-left-small:0px;\"><div class=\"fusion-column-wrapper fusion-column-has-shadow fusion-flex-justify-content-flex-start fusion-content-layout-column\"><div class=\"fusion-text fusion-text-10\" style=\"--awb-margin-right:50px;\"><p><strong style=\"color: #e80e8a;\">@JUGOSLOVENSKA KINOTEKA:<\/strong><br \/><strong>1 Uzun Mirkova Street: Sala Makavejev<\/strong><br \/>11.00\u201312.00 <strong>Female Entrepreneurship in Music Industries with &#8220;Rok kamp za devoj\u010dice&#8221; Case Study<\/strong><br \/><b>Moderator:<\/b> <a href=\"https:\/\/www.kontakt.org.rs\/delegates\/simona-kanjevac-urban-muse-live-scenes-srbija\/?lang=en\">Simona Kanjevac<\/a> (Urban Muse \u2013 Live Scenes!, RS)<br \/><span style=\"color: var(--awb-text-color); font-family: var(--awb-text-font-family); font-size: var(--awb-font-size); font-style: var(--awb-text-font-style); letter-spacing: var(--awb-letter-spacing); text-align: var(--awb-content-alignment); text-transform: var(--awb-text-transform); background-color: var(--awb-bg-color-hover);\"><b>Speakers:<\/b><\/span><span style=\"color: var(--awb-text-color); font-family: var(--awb-text-font-family); font-size: var(--awb-font-size); font-style: var(--awb-text-font-style); font-weight: var(--awb-text-font-weight); letter-spacing: var(--awb-letter-spacing); text-align: var(--awb-content-alignment); text-transform: var(--awb-text-transform); background-color: var(--awb-bg-color-hover);\"> <a href=\"https:\/\/www.kontakt.org.rs\/delegates\/iva-lorens-kantautorka-srbija\/?lang=en\">Iva Lorens<\/a> (kantautorka, RS), <\/span><span style=\"color: var(--awb-text-color); font-family: var(--awb-text-font-family); font-size: var(--awb-font-size); font-style: var(--awb-text-font-style); font-weight: var(--awb-text-font-weight); letter-spacing: var(--awb-letter-spacing); text-align: var(--awb-content-alignment); text-transform: var(--awb-text-transform); background-color: var(--awb-bg-color-hover);\"><a href=\"https:\/\/www.kontakt.org.rs\/delegates\/jelena-bozic-kulturanova-takt-fest-srb\/?lang=en\">Jelena Bo\u017ei\u0107<\/a> (Kulturanova, Takt Fest, RS), <\/span><span style=\"color: var(--awb-text-color); font-family: var(--awb-text-font-family); font-size: var(--awb-font-size); font-style: var(--awb-text-font-style); font-weight: var(--awb-text-font-weight); letter-spacing: var(--awb-letter-spacing); text-align: var(--awb-content-alignment); text-transform: var(--awb-text-transform); background-color: var(--awb-bg-color-hover);\"><a href=\"https:\/\/www.kontakt.org.rs\/delegates\/katarina-mitic-minic-femix-srbija\/?lang=en\">Katarina Miti\u0107 Mini\u0107<\/a> (Femix, RS), <\/span><span style=\"color: var(--awb-text-color); font-family: var(--awb-text-font-family); font-size: var(--awb-font-size); font-style: var(--awb-text-font-style); font-weight: var(--awb-text-font-weight); letter-spacing: var(--awb-letter-spacing); text-align: var(--awb-content-alignment); text-transform: var(--awb-text-transform); background-color: var(--awb-bg-color-hover);\"><a href=\"https:\/\/www.kontakt.org.rs\/delegates\/svetlana-djolovic-glavna-urednica-radioaparata-srbija\/?lang=en\">Svetlana Ceca \u0110olovi\u0107<\/a> (radioAparat, RS)<\/span><\/p>\n<ul>\n<li style=\"font-size: 16px;\"><em>This session focuses on the importance of female leadership and entrepreneurship in <\/em><em>the music industry, highlighting how projects like &#8220;Rok kamp za devoj\u010dice\u201d (Rock Camp <\/em><em>for Girls) not only promote inclusion and diversity but also play a crucial role in <\/em><em>developing future generations of women in music. It will discuss how these projects help <\/em><em>overcome stereotypes and create new opportunities for women across all segments of <\/em><em>the music industry.<\/em><\/li>\n<\/ul>\n<p>12.15\u201313.30 <strong>Western Balkans in the Eyes of Agents<\/strong> (English)<br \/><strong>Moderator:<\/strong> <a href=\"https:\/\/www.kontakt.org.rs\/delegates\/gordon-masson-iq-magazine-ujedinjeno-kraljevstvo\/?lang=en\">Gordon Masson<\/a> (IQ Magazine, UK)<br \/><strong>Speakers:<\/strong> <a href=\"https:\/\/www.kontakt.org.rs\/delegates\/beckie-sugden-creative-artists-agency-velika-britanija\/?lang=en\">Beckie Sugden<\/a> (Creative Artists Agency, UK), <a href=\"https:\/\/www.kontakt.org.rs\/delegates\/carlos-abreu-uta-uk\/?lang=en\">Carlos Abreu<\/a> (UTA, UK), <a href=\"https:\/\/www.kontakt.org.rs\/delegates\/jake-beaumont-nesbitt-medjunarodni-forum-muzickih-menadzera-potpredsednik-za-inovacije-i-obrazovanje-sad\/?lang=en\">Jake Beaumont-Nesbitt<\/a> (International Music Managers Forum, UK\/US), <a href=\"https:\/\/www.kontakt.org.rs\/delegates\/tor-breon-wme-agency-ujedinjeno-kraljevstvo\/?lang=en\">Tor Breon <\/a>(WME Agency, UK)<\/p>\n<ul>\n<li style=\"font-size: 16px;\"><em>The panel is aimed at exploring the perception and positioning of musicians from the Western Balkans on the international scene. It focuses on the challenges faced by both international music agents and local musicians in their efforts to expand their reach. The discussion aims to exchange experiences and strategies that can help overcome<br \/>barriers, as well as to identify potential opportunities for more successful international collaboration.<\/em><\/li>\n<\/ul>\n<p><strong style=\"color: #e80e8a;\">@ SPRAT:<\/strong><br \/>13.00\u201314.00 <strong>Generational Musical and Stylistic collectives: Experiences and Lessons<\/strong><br \/><strong>Moderator:<\/strong> <a href=\"https:\/\/www.kontakt.org.rs\/delegates\/ivan-loncarevic-pop-depresija-srbija\/?lang=en\">Ivan Lon\u010darevi\u0107<\/a> (Pop depresija, RS)<br \/><strong>Speakers:<\/strong> <a href=\"https:\/\/www.kontakt.org.rs\/delegates\/jelisaveta-todorov-vizelj-hali-gali-srbija?lang=en\">Jelisaveta Todorov <\/a>(Vizelj, Hali Gali, RS), <a href=\"https:\/\/www.kontakt.org.rs\/delegates\/nikola-cuckovic-proto-tip-hali-gali-srbija\/?lang=en\">Nikola \u010cu\u010dkovi\u0107<\/a> (proto tip, Hali Gali, RS), <a href=\"https:\/\/www.kontakt.org.rs\/delegates\/luka-zadro-jeboton-cro\/?lang=en\">Luka Zadro<\/a> (jeboTon, HR), <a href=\"https:\/\/www.kontakt.org.rs\/delegates\/filip-berlengi-jeboton-hrvatska\/?lang=en\">Filip Berlengi<\/a> (jeboTon, HR)<\/p>\n<ul>\n<li style=\"font-size: 16px;\"><em>The panel explores how collectives like Hali Gali and Krava22 from Belgrade, and Jeboton from Zagreb, contribute to the music scene. The discussion focuses on the impact of these collectives on the development and preservation of the local music scene, specific music styles, and generational identities, as well as on the lessons that can be learned from their experiences. These collectives serve as examples of how unity and collaboration can foster creativity and innovation in music, providing insights into strategies for strengthening the local scene and expanding its influence.<\/em><\/li>\n<\/ul>\n<p>14.30\u201316.30 <strong>Three Paths from the Start (Long-Run Panel)<\/strong><br \/><strong>II Independent Music within Institutions: Stability or Life in the Jaws of Politics <\/strong><br \/><strong>Moderator:<\/strong> <a href=\"https:\/\/www.kontakt.org.rs\/delegates\/ivan-sarar-savetnik-za-medjunarodnu-saradnju-kontakt-konferencije-showcase-a-i-festivala-hrvatska\/?lang=en\">Ivan \u0160arar<\/a> (Kontakt, HR)<br \/><b>Speakers:<\/b> <a href=\"https:\/\/www.kontakt.org.rs\/delegates\/branko-kostelnik-muzej-suvremene-umjetnosti-zagreb-hrvatska\/?lang=en\">Branko Kostelnik<\/a> (Muzej suvremene umjetnosti Zagreb, HR), <a href=\"https:\/\/www.kontakt.org.rs\/delegates\/matjaz-mancek-sef-muzickog-programa-u-kino-siska-slo\/?lang=en\">Matja\u017e Man\u010dek<\/a> (GO!2025, SI), <a href=\"https:\/\/www.kontakt.org.rs\/delegates\/morana-perisa-tvrdjava-kulture-sibenik-hrvatska\/?lang=en\">Morana Peri\u0161a<\/a> (Tvr\u0111ava kulture \u0160ibenik, HR), <a href=\"https:\/\/www.kontakt.org.rs\/delegates\/sara-sopic-muzej-jugoslavije-srbija\/?lang=en\">Sara Sopi\u0107 <\/a>(Muzej Jugoslavije, HR)<br \/><strong>III The double-edged sword of NGOs<\/strong><br \/><b>Speakers:<\/b> <a href=\"https:\/\/www.kontakt.org.rs\/delegates\/janez-leban-producent-u-kulturi-slovenija\/?lang=en\">Janez Leban <\/a>(producent u kulturi, SI), <a href=\"https:\/\/www.kontakt.org.rs\/delegates\/janko-popovic-festival-kulture-zabjelo-cg\/?lang=en\">Janko Popovi\u0107<\/a> (Rockstrikcija, MN), <a href=\"https:\/\/www.kontakt.org.rs\/delegates\/tin-semovcan-regenerator-cro\/?lang=en\">Tin \u0160emov\u010dan<\/a> (Regenerator, HR), <a href=\"https:\/\/www.kontakt.org.rs\/delegates\/vanja-kauzlaric-ri-rock-hrvatska\/?lang=en\">Vanja Kauzlari\u0107<\/a> (Palach, HR)<\/p>\n<ul>\n<li style=\"font-size: 16px;\"><em><span style=\"font-weight: 400;\"> This conference segment is focusing on three key aspects of the music industry through parallel discussions. Following the first topic, &#8220;Promoters-Entrepreneurs: Freedom, Madness, the Real Deal, or All of the Above,&#8221; the second discussion, &#8220;Independent Music within Institutions: Stability or Life in the Jaws of Politics,&#8221; explores the challenges and opportunities for independent musicians within an institutionalized setting, questioning the extent to which political structures impact creative freedom and stability. Immediately after, the panel transitions to its third and final topic, &#8220;A double-edged sword of NGOs.&#8221; This discussion will tackle the role of non-governmental organizations in the music scene, highlighting how NGOs can be both a source of support and a complicating factor for artists.<\/span><\/em><\/li>\n<\/ul>\n<p><b style=\"color: #e80e8a;\">@ ELEKTROPIONIR:<\/b><span style=\"color: #e80e8a;\"><b><br \/><\/b><\/span><span style=\"color: var(--awb-text-color); font-family: var(--awb-text-font-family); font-size: var(--awb-font-size); font-style: var(--awb-text-font-style); font-weight: var(--awb-text-font-weight); letter-spacing: var(--awb-letter-spacing); text-align: var(--awb-content-alignment); text-transform: var(--awb-text-transform); background-color: var(--awb-bg-color-hover);\">14.30-16.00 <\/span><strong style=\"color: var(--awb-text-color); font-family: var(--awb-text-font-family); font-size: var(--awb-font-size); font-style: var(--awb-text-font-style); letter-spacing: var(--awb-letter-spacing); text-align: var(--awb-content-alignment); text-transform: var(--awb-text-transform); background-color: var(--awb-bg-color-hover);\">What does the promotion of young alternative artists in Serbia look like today?<br \/><\/strong><strong style=\"color: var(--awb-text-color); font-family: var(--awb-text-font-family); font-size: var(--awb-font-size); font-style: var(--awb-text-font-style); letter-spacing: var(--awb-letter-spacing); text-align: var(--awb-content-alignment); text-transform: var(--awb-text-transform); background-color: var(--awb-bg-color-hover);\">Panel by Oblakoder Magazine<\/strong><br \/><strong>Moderator: <\/strong><a href=\"https:\/\/www.kontakt.org.rs\/delegates\/marija-todorovic-oblakoder-srbija\/?lang=en\">Marija Todorovi\u0107<\/a> (Oblakoder magazin, RS)<strong><br \/><\/strong><b>Speakers<\/b><strong><strong>: <\/strong><\/strong><a href=\"https:\/\/www.kontakt.org.rs\/delegates\/branislav-cvetkovic-balkanrock-srbija\/?lang=en\">Branislav Cvetkovi\u0107<\/a> (Balkanrock, RS), <a href=\"https:\/\/www.kontakt.org.rs\/delegates\/iva-pazin-zhiva-kantautorka-srbija\/?lang=en\">Iva Pa\u017ein ZHIVA<\/a> (kantautorka, RS), <a href=\"https:\/\/www.kontakt.org.rs\/delegates\/marko-radojkovic-kisobran-srb\/?lang=en\">Marko Radojkovi\u0107<\/a> (Ki\u0161obran, Hali Gali, RS), <a href=\"https:\/\/www.kontakt.org.rs\/delegates\/matija-ilic-ubili-su-batlera-srbija\/?lang=en\">Matija Ili\u0107<\/a> (Ubili su batlera, Hali Gali, RS)<\/p>\n<ul>\n<li style=\"font-size: 16px;\"><em>The panel organized by Oblakoder Magazine, &#8220;What the Promotion of Young Alternative Artists Looks Like in Serbia Today,&#8221; will focus on the challenges and opportunities faced by young alternative artists in Serbia. It will discuss the impact of digital media, social networks, and streaming platforms on the promotion of their works, as well as the role of media like Oblakoder in supporting and increasing the visibility of young talents. The panel will also explore how the culture of promotion is changing in the digital age and what strategies might be most effective for young performers looking for their place in the music scene.<\/em><\/li>\n<\/ul>\n<\/div><div class=\"fusion-separator fusion-full-width-sep\" style=\"align-self: center;margin-left: auto;margin-right: auto;flex-grow:1;margin-bottom:25px;width:100%;\"><div class=\"fusion-separator-border sep-single sep-solid\" style=\"--awb-height:20px;--awb-amount:20px;--awb-sep-color:#e80e8a;border-color:#e80e8a;border-top-width:1px;\"><\/div><\/div><div class=\"fusion-text fusion-text-11\" style=\"--awb-margin-right:50px;\"><p><strong style=\"color: #e80e8a;\">@ELEKTROPIONIR:<\/strong><br \/>\n21.00 <a href=\"https:\/\/www.kontakt.org.rs\/bohemija-kontakt-24-poklon-koncert-u-elektropioniru\/?lang=en\"><strong style=\"color: #e80e8a;\">Bohemija<\/strong><\/a> \/ Concert<br \/>\n<em>*Free entrance<\/em><\/p>\n<p><strong style=\"color: #e80e8a;\">@DOR\u0106OL PLATZ:<\/strong><br \/>\n17.00-18.30 <strong style=\"color: #e80e8a;\">PERSEPHONE\u2019S GARDEN: Guided tour through the exhibition<\/strong><br \/>\n<em>Curated by Katarina \u017duti\u0107 (artist) i Vesna Dujmovi\u0107 (curator)<\/em><br \/>\n21.00 <strong style=\"color: #e80e8a;\">KoiKoi<\/strong> \/ Concert<\/p>\n<p><strong style=\"color: #e80e8a;\">@DOM OMLADINE:<\/strong><br \/>\n21.00 <a href=\"https:\/\/www.kontakt.org.rs\/letu-stuke-kontakt-24-dom-omladine\/?lang=en\"><strong style=\"color: #e80e8a;\">Letu \u0161tuke<\/strong><\/a> \/ Concert<\/p>\n<\/div><\/div><\/div><\/div><\/div><div class=\"fusion-fullwidth fullwidth-box fusion-builder-row-4 fusion-flex-container has-pattern-background has-mask-background hundred-percent-fullwidth non-hundred-percent-height-scrolling\" style=\"--awb-border-radius-top-left:0px;--awb-border-radius-top-right:0px;--awb-border-radius-bottom-right:0px;--awb-border-radius-bottom-left:0px;--awb-padding-top:3%;--awb-padding-right:6%;--awb-padding-bottom:0px;--awb-padding-left:6%;--awb-background-color:#edcee1;--awb-flex-wrap:wrap;\" ><div class=\"fusion-builder-row fusion-row fusion-flex-align-items-flex-start fusion-flex-content-wrap\" style=\"width:calc( 100% + 0px ) !important;max-width:calc( 100% + 0px ) !important;margin-left: calc(-0px \/ 2 );margin-right: calc(-0px \/ 2 );\"><div class=\"fusion-layout-column fusion_builder_column fusion-builder-column-6 fusion_builder_column_1_3 1_3 fusion-flex-column\" style=\"--awb-bg-size:cover;--awb-width-large:33.333333333333%;--awb-margin-top-large:20px;--awb-spacing-right-large:0px;--awb-margin-bottom-large:20px;--awb-spacing-left-large:0px;--awb-width-medium:100%;--awb-order-medium:0;--awb-spacing-right-medium:0px;--awb-spacing-left-medium:0px;--awb-width-small:100%;--awb-order-small:0;--awb-spacing-right-small:0px;--awb-spacing-left-small:0px;\"><div class=\"fusion-column-wrapper fusion-column-has-shadow fusion-flex-justify-content-flex-start fusion-content-layout-column\"><div class=\"fusion-text fusion-text-12 fusion-no-small-visibility fusion-no-medium-visibility\" style=\"--awb-content-alignment:right;--awb-margin-right:50px;\"><p><strong>Saturday<\/strong><br \/>\n<strong style=\"color: #e80e8a; font-size: 32px;\">March 23rd<\/strong><br \/>\n<strong>Day 3<\/strong><\/p>\n<\/div><div class=\"fusion-text fusion-text-13 fusion-no-large-visibility\" style=\"--awb-content-alignment:left;--awb-margin-right:50px;\"><p><strong>Saturday<\/strong><br \/>\n<strong style=\"color: #e80e8a; font-size: 32px;\">March 23rd<\/strong><br \/>\n<strong>Day 3<\/strong><\/p>\n<\/div><div class=\"fusion-separator fusion-no-large-visibility fusion-full-width-sep\" style=\"align-self: center;margin-left: auto;margin-right: auto;flex-grow:1;margin-bottom:25px;width:100%;\"><div class=\"fusion-separator-border sep-single sep-dashed\" style=\"--awb-height:20px;--awb-amount:20px;--awb-sep-color:#e80e8a;border-color:#e80e8a;border-top-width:1px;\"><\/div><\/div><\/div><\/div><div class=\"fusion-layout-column fusion_builder_column fusion-builder-column-7 fusion_builder_column_2_3 2_3 fusion-flex-column\" style=\"--awb-bg-size:cover;--awb-width-large:66.666666666667%;--awb-margin-top-large:20px;--awb-spacing-right-large:0px;--awb-margin-bottom-large:20px;--awb-spacing-left-large:0px;--awb-width-medium:100%;--awb-order-medium:0;--awb-spacing-right-medium:0px;--awb-spacing-left-medium:0px;--awb-width-small:100%;--awb-order-small:0;--awb-spacing-right-small:0px;--awb-spacing-left-small:0px;\"><div class=\"fusion-column-wrapper fusion-column-has-shadow fusion-flex-justify-content-flex-start fusion-content-layout-column\"><div class=\"fusion-text fusion-text-14\" style=\"--awb-margin-right:50px;\"><p><strong style=\"color: #e80e8a;\">@ ELEKTROPIONIR:<\/strong><br \/>11.45 <strong>The Relationship Between Musicians and Concert Production (Precision and Fulfillment of Technical Requirements)<\/strong><br \/><strong>Moderator:<\/strong> <a href=\"https:\/\/www.kontakt.org.rs\/delegates\/bratislav-vasilic-braca-fakultet-dramskih-umetnosti-srbija\/?lang=en\">Vasili\u0107 Bratislav &#8211; Braca<\/a> (Fakultet dramskih umetnosti, RS)<br \/><strong>Speakers:<\/strong> <a href=\"https:\/\/www.kontakt.org.rs\/delegates\/danilo-nikodinovski-consecration-nikola-vranjkovic-srb\/?lang=en\">Danilo Nikodinovski<\/a> (Consecration, Nikola Vranjkovi\u0107, RS),<a href=\"https:\/\/www.kontakt.org.rs\/delegates\/milorad-vuckovic-mm-concerts-dom-omladine-srb\/?lang=en\"> Milorad Vu\u010dkovi\u0107<\/a> (MM Concerts, Dom omladine, RS), Predrag Ivanovi\u0107 (Odli\u010dan hr\u010dak, RS), <a href=\"https:\/\/www.kontakt.org.rs\/delegates\/vladislav-pejak-promoter-srbija\/?lang=en\">Vladislav Pejak<\/a> (promoter, RS), <a href=\"https:\/\/www.kontakt.org.rs\/delegates\/zika-jelic-yu-grupa-srbija\/?lang=en\">\u017dika Jeli\u0107<\/a> (YU Grupa, RS).<\/p>\n<ul>\n<li style=\"font-size: 16px;\"><em>The panel will focus on communication among performers, organizers, and technical producers. Musicians, promoters, organizers, and technical producers will participate in the discussion and present the issues they encounter in concert production from their perspectives, collectively finding ways to improve mutual collaboration. Special emphasis will be placed on the importance of the precision of the rider list (technical requirements list).<br \/><\/em><\/li>\n<\/ul>\n<p>13.00\u201314.00 <strong>Ex-Yu Time Machine through Stories and Records (book promotion)<\/strong><br \/><strong>Speakers:<\/strong> <a href=\"https:\/\/www.kontakt.org.rs\/delegates\/petar-janjatovic-autor-novinar-srbija\/?lang=en\">Petar Janjatovi\u0107<\/a> (autor, RS), <a href=\"https:\/\/www.kontakt.org.rs\/delegates\/darko-kujundzic-graficki-dizajner-hr\/?lang=en\">Darko Kujund\u017ei\u0107<\/a> (grafi\u010dki dizajner, HR)<\/p>\n<ul>\n<li style=\"font-size: 16px;\"><em>&#8220;Ex-Yu Time Machine Through Stories and Records&#8221; is a panel celebrating the fifth expanded edition of the ExYu Rock Encyclopedia by Petar Janjatovi\u0107. This event offers a retrospective of the rich rock scene of the former Yugoslavia through anecdotes, analyses, and discussions about the key albums and moments that have shaped the musical landscape of the region. Participants will have the opportunity to dive deep into the history and significance of Ex-Yu rock music, as well as discuss its lasting impact on the contemporary music scene.<br \/><\/em><\/li>\n<\/ul>\n<p>14.15\u201315.00 <strong>Music and technology (with AI possibilities)<\/strong><br \/><strong>Moderator:<\/strong> <a href=\"https:\/\/www.kontakt.org.rs\/delegates\/ivan-kljajic-akademija-umetnosti-novi-sad-srbija\/?lang=en\">Ivan Kljaji\u0107<\/a> (Akademija umetnosti Novi Sad, RS)<br \/><strong>Speakers:<\/strong> <a href=\"https:\/\/www.kontakt.org.rs\/delegates\/dimitrije-dragojevic-audiovizuelni-umetnik-srbija\/?lang=en\">Dimitrije Dragojevi\u0107<\/a> (audiovizuelni umetnik, RS), <a href=\"https:\/\/www.kontakt.org.rs\/delegates\/filip-vlatkovic-muzicki-producent-srb\/?lang=en\">Filip Vlatkovi\u0107<\/a> (muzi\u010dki producent, RS), <a href=\"https:\/\/www.kontakt.org.rs\/delegates\/uros-milkic-down-there-studio-srbija\/?lang=en\">Uro\u0161 Milki\u0107<\/a> (Down There Studio, RS), <a href=\"https:\/\/www.kontakt.org.rs\/delegates\/vladimir-moritz-dizajner-zvuka-srbija\/?lang=en\">Vladimir Moritz<\/a> (music producer, RS)<\/p>\n<ul>\n<li style=\"font-size: 16px;\"><em>The panel further deepens the understanding of AI&#8217;s impact on music, exploring how artificial intelligence not only changes the processes of creating music but also how it can affect the listener&#8217;s experience through personalized recommendations and new forms of interaction. The discussion will also cover the role of AI in analytics and marketing in the music industry, providing insights into the opportunities and dilemmas that artificial intelligence brings.<\/em><\/li>\n<\/ul>\n<p>15.00\u201315.20 <strong>D\u017eem i \u0107 performance sample by ANXIOLYTIK<\/strong><br \/><strong>Speaker:<\/strong> <a href=\"https:\/\/www.kontakt.org.rs\/delegates\/dimitrije-dragojevic-audiovizuelni-umetnik-srbija\/?lang=en\">Dimitrije Dragojevi\u0107<\/a> (audiovizuelni umetnik, RS)<\/p>\n<ul>\n<li style=\"font-size: 16px;\"><em>Lo-fi, sample-based hip-hop\/trip-hop\/jungle\/chill <\/em><br \/><em>An immersive audio performance that blurs the line between audience and performers, where ANXIOLYTIK immediately mixes a track from a variety of sounds recorded on-site &#8211; everyone contributes, participates, and dances together.<\/em><\/li>\n<\/ul>\n<p>15.30\u201317.00 <strong>British Festival Industry \u2013 Beginning, Development and Future<\/strong> (English)<br \/><strong>Moderator:<\/strong> <a href=\"https:\/\/www.kontakt.org.rs\/delegates\/jake-beaumont-nesbitt-medjunarodni-forum-muzickih-menadzera-potpredsednik-za-inovacije-i-obrazovanje-sad\/?lang=en\">Jake Beaumont-Nesbitt<\/a> (International Music Managers Forum, UK\/US)<br \/><strong>Spekers:<\/strong> <a href=\"https:\/\/www.kontakt.org.rs\/delegates\/chris-tofu-mbe-continental-drifts-uk\/?lang=en\">Chris Tofu MBE<\/a> (Continental Drifts, UK), <a href=\"https:\/\/www.kontakt.org.rs\/delegates\/malcolm-haynes-star-and-garter-pub-ujedinjeno-kraljevstvo\/?lang=en\">Malcolm Haynes<\/a> (Star and Garter pub, UK)<\/p>\n<ul>\n<li style=\"font-size: 16px;\"><em>The Cradle of the British Festival Industry \u2013 Origins, Development, and Future<br \/>The panel delves deeply into the history and evolution of the festival scene in the United Kingdom. It explores how the beginnings of these music events have influenced global festival culture, the industry&#8217;s development through the decades, and what innovations and trends are shaping its future. Key moments and figures that defined this movement are considered, along with predictions on how the industry will adapt to new challenges and technological advancements.<br \/><\/em><\/li>\n<\/ul>\n<\/div><div class=\"fusion-separator fusion-full-width-sep\" style=\"align-self: center;margin-left: auto;margin-right: auto;flex-grow:1;margin-bottom:25px;width:100%;\"><div class=\"fusion-separator-border sep-single sep-solid\" style=\"--awb-height:20px;--awb-amount:20px;--awb-sep-color:#e80e8a;border-color:#e80e8a;border-top-width:1px;\"><\/div><\/div><div class=\"fusion-text fusion-text-15\" style=\"--awb-margin-right:50px;\"><p><strong style=\"color: #e80e8a;\">@DOR\u0106OL PLATZ \/ DVORI\u0160TE<\/strong> (free entrance):<br \/>\n17.00 <a href=\"https:\/\/www.kontakt.org.rs\/skofja-loka-kontakt-24-poklon-koncert-u-dorcol-platzu\/?lang=en\"><strong style=\"color: #e80e8a;\">\u0160kofja Loka<\/strong><\/a><\/p>\n<p><strong style=\"color: #e80e8a;\">@ELEKTROPIONIR:<\/strong><br \/>\n21.00 <a><strong style=\"color: #e80e8a;\">Turbo Trans Turisti<\/strong><\/a> \/ Concert<br \/>\n<em>*Free entrance<\/em><\/p>\n<p><strong style=\"color: #e80e8a;\">@DOR\u0106OL PLATZ:<\/strong><br \/>\n21.00 <a href=\"https:\/\/www.kontakt.org.rs\/jarboli-kontakt-24-dorcol-platz\/?lang=en\"><strong style=\"color: #e80e8a;\">Jarboli<\/strong><\/a> \/ Concert<\/p>\n<p><strong style=\"color: #e80e8a;\">@DOM OMLADINE:<\/strong><br \/>\n21.00 <a href=\"https:\/\/www.kontakt.org.rs\/bojana-vunturisevic-kontakt-24-dom-omladine\/?lang=en\"><strong style=\"color: #e80e8a;\">Bojana Vunturi\u0161evi\u0107<\/strong><\/a> \/ Concert<\/p>\n<p><strong style=\"color: #e80e8a;\">@DRUGSTORE:<\/strong><br \/>\n22.00 <a href=\"https:\/\/www.kontakt.org.rs\/hali-gali-kontakt-24-dragstore\/?lang=en\"><strong style=\"color: #e80e8a;\">Hali Gali<\/strong><\/a> \/ Showcase<\/p>\n<\/div><\/div><\/div><\/div><\/div><div class=\"fusion-fullwidth fullwidth-box fusion-builder-row-5 fusion-flex-container has-pattern-background has-mask-background hundred-percent-fullwidth non-hundred-percent-height-scrolling\" style=\"--awb-border-radius-top-left:0px;--awb-border-radius-top-right:0px;--awb-border-radius-bottom-right:0px;--awb-border-radius-bottom-left:0px;--awb-padding-top:3%;--awb-padding-right:6%;--awb-padding-bottom:0px;--awb-padding-left:6%;--awb-background-color:rgba(237,206,225,0);--awb-flex-wrap:wrap;\" ><div class=\"fusion-builder-row fusion-row fusion-flex-align-items-flex-start fusion-flex-content-wrap\" style=\"width:calc( 100% + 0px ) !important;max-width:calc( 100% + 0px ) !important;margin-left: calc(-0px \/ 2 );margin-right: calc(-0px \/ 2 );\"><div class=\"fusion-layout-column fusion_builder_column fusion-builder-column-8 fusion_builder_column_1_3 1_3 fusion-flex-column\" style=\"--awb-bg-size:cover;--awb-width-large:33.333333333333%;--awb-margin-top-large:20px;--awb-spacing-right-large:0px;--awb-margin-bottom-large:20px;--awb-spacing-left-large:0px;--awb-width-medium:100%;--awb-order-medium:0;--awb-spacing-right-medium:0px;--awb-spacing-left-medium:0px;--awb-width-small:100%;--awb-order-small:0;--awb-spacing-right-small:0px;--awb-spacing-left-small:0px;\"><div class=\"fusion-column-wrapper fusion-column-has-shadow fusion-flex-justify-content-flex-start fusion-content-layout-column\"><div class=\"fusion-text fusion-text-16 fusion-no-small-visibility fusion-no-medium-visibility\" style=\"--awb-content-alignment:right;--awb-margin-right:50px;\"><p><strong>Sunday<\/strong><br \/>\n<strong style=\"color: #e80e8a; font-size: 32px;\">March 24rd<\/strong><br \/>\n<strong>Day 4<\/strong><\/p>\n<\/div><div class=\"fusion-text fusion-text-17 fusion-no-large-visibility\" style=\"--awb-content-alignment:left;--awb-margin-right:50px;\"><p><strong>Sunday<\/strong><br \/>\n<strong style=\"color: #e80e8a; font-size: 32px;\">March 24rd<\/strong><br \/>\n<strong>Day 4<\/strong><\/p>\n<\/div><div class=\"fusion-separator fusion-no-large-visibility fusion-full-width-sep\" style=\"align-self: center;margin-left: auto;margin-right: auto;flex-grow:1;margin-bottom:25px;width:100%;\"><div class=\"fusion-separator-border sep-single sep-dashed\" style=\"--awb-height:20px;--awb-amount:20px;--awb-sep-color:#e80e8a;border-color:#e80e8a;border-top-width:1px;\"><\/div><\/div><\/div><\/div><div class=\"fusion-layout-column fusion_builder_column fusion-builder-column-9 fusion_builder_column_2_3 2_3 fusion-flex-column\" style=\"--awb-bg-size:cover;--awb-width-large:66.666666666667%;--awb-margin-top-large:20px;--awb-spacing-right-large:0px;--awb-margin-bottom-large:20px;--awb-spacing-left-large:0px;--awb-width-medium:100%;--awb-order-medium:0;--awb-spacing-right-medium:0px;--awb-spacing-left-medium:0px;--awb-width-small:100%;--awb-order-small:0;--awb-spacing-right-small:0px;--awb-spacing-left-small:0px;\"><div class=\"fusion-column-wrapper fusion-column-has-shadow fusion-flex-justify-content-flex-start fusion-content-layout-column\"><div class=\"fusion-text fusion-text-18\" style=\"--awb-margin-right:50px;\"><p><strong style=\"color: #e80e8a;\">@ELEKTROPIONIR:<\/strong><br \/>\n12.00\u201317.00 <strong style=\"color: #e80e8a;\">Coffee before the Road with the Paws<\/strong>*<br \/>\n<em>*While enjoying one more coffee before the end of Kontakt, you&#8217;ll be able to purchase special merch supporting the animal protection association Lunje and Maze, and get a discount at AntiShop with your purchase!<\/em><\/p>\n<p><strong style=\"color: #e80e8a;\">@DOR\u0106OL PLATZ:<\/strong><br \/>\n17.00\u201319.00 <strong style=\"color: #e80e8a;\">PERSEPHONE\u2019S GARDEN: Performance \u201cThe symbolism of Pomegranate in Persephone\u2019s Garden\u201d<\/strong><br \/>\n<em>Katarina \u017duti\u0107 (artist) i Vesna Dujmovi\u0107 (curator)<\/em><br \/>\n21.00 <a href=\"https:\/\/www.kontakt.org.rs\/jarboli-kontakt-24-dorcol-platz\/?lang=en\"><strong style=\"color: #e80e8a;\">Jarboli<\/strong><\/a> \/ Concert<\/p>\n<\/div><\/div><\/div><\/div><\/div><\/p>\n","protected":false},"excerpt":{"rendered":"","protected":false},"author":1,"featured_media":0,"parent":0,"menu_order":0,"comment_status":"closed","ping_status":"closed","template":"100-width.php","meta":{"footnotes":""},"class_list":["post-5285","page","type-page","status-publish","hentry"],"yoast_head":"<!-- This site is optimized with the Yoast SEO plugin v24.6 - https:\/\/yoast.com\/wordpress\/plugins\/seo\/ -->\n<title>Schedule - Kontakt konferencija<\/title>\n<meta name=\"robots\" content=\"index, follow, max-snippet:-1, max-image-preview:large, max-video-preview:-1\" \/>\n<link rel=\"canonical\" href=\"https:\/\/www.kontakt.org.rs\/satnica-2024\/\" \/>\n<meta property=\"og:locale\" content=\"en_US\" \/>\n<meta property=\"og:type\" content=\"article\" \/>\n<meta property=\"og:title\" content=\"Schedule - Kontakt konferencija\" \/>\n<meta property=\"og:url\" content=\"https:\/\/www.kontakt.org.rs\/satnica-2024\/\" \/>\n<meta property=\"og:site_name\" content=\"Kontakt konferencija\" \/>\n<meta property=\"article:publisher\" content=\"https:\/\/www.facebook.com\/KontaktBeograd\/\" \/>\n<meta property=\"article:modified_time\" content=\"2024-03-21T07:04:09+00:00\" \/>\n<meta property=\"og:image\" content=\"https:\/\/www.kontakt.org.rs\/wp-content\/uploads\/2024\/03\/K24_slider-shapes_02_ENG.webp\" \/>\n\t<meta property=\"og:image:width\" content=\"1972\" \/>\n\t<meta property=\"og:image:height\" content=\"1357\" \/>\n\t<meta property=\"og:image:type\" content=\"image\/webp\" \/>\n<meta name=\"twitter:card\" content=\"summary_large_image\" \/>\n<meta name=\"twitter:label1\" content=\"Est. reading time\" \/>\n\t<meta name=\"twitter:data1\" content=\"12 minutes\" \/>\n<script type=\"application\/ld+json\" class=\"yoast-schema-graph\">{\"@context\":\"https:\/\/schema.org\",\"@graph\":[{\"@type\":\"WebPage\",\"@id\":\"https:\/\/www.kontakt.org.rs\/satnica-2024\/\",\"url\":\"https:\/\/www.kontakt.org.rs\/satnica-2024\/\",\"name\":\"Schedule - Kontakt konferencija\",\"isPartOf\":{\"@id\":\"https:\/\/www.kontakt.org.rs\/#website\"},\"datePublished\":\"2024-02-13T06:42:37+00:00\",\"dateModified\":\"2024-03-21T07:04:09+00:00\",\"breadcrumb\":{\"@id\":\"https:\/\/www.kontakt.org.rs\/satnica-2024\/#breadcrumb\"},\"inLanguage\":\"en-US\",\"potentialAction\":[{\"@type\":\"ReadAction\",\"target\":[\"https:\/\/www.kontakt.org.rs\/satnica-2024\/\"]}]},{\"@type\":\"BreadcrumbList\",\"@id\":\"https:\/\/www.kontakt.org.rs\/satnica-2024\/#breadcrumb\",\"itemListElement\":[{\"@type\":\"ListItem\",\"position\":1,\"name\":\"Home\",\"item\":\"https:\/\/www.kontakt.org.rs\/?lang=en\"},{\"@type\":\"ListItem\",\"position\":2,\"name\":\"Schedule\"}]},{\"@type\":\"WebSite\",\"@id\":\"https:\/\/www.kontakt.org.rs\/#website\",\"url\":\"https:\/\/www.kontakt.org.rs\/\",\"name\":\"Kontakt konferencija\",\"description\":\"Kontakt 2023\",\"publisher\":{\"@id\":\"https:\/\/www.kontakt.org.rs\/#organization\"},\"potentialAction\":[{\"@type\":\"SearchAction\",\"target\":{\"@type\":\"EntryPoint\",\"urlTemplate\":\"https:\/\/www.kontakt.org.rs\/?s={search_term_string}\"},\"query-input\":{\"@type\":\"PropertyValueSpecification\",\"valueRequired\":true,\"valueName\":\"search_term_string\"}}],\"inLanguage\":\"en-US\"},{\"@type\":\"Organization\",\"@id\":\"https:\/\/www.kontakt.org.rs\/#organization\",\"name\":\"Kontakt konferencija\",\"url\":\"https:\/\/www.kontakt.org.rs\/\",\"logo\":{\"@type\":\"ImageObject\",\"inLanguage\":\"en-US\",\"@id\":\"https:\/\/www.kontakt.org.rs\/#\/schema\/logo\/image\/\",\"url\":\"https:\/\/www.kontakt.org.rs\/wp-content\/uploads\/2023\/01\/KONTAKT_23-header-logo-3.png\",\"contentUrl\":\"https:\/\/www.kontakt.org.rs\/wp-content\/uploads\/2023\/01\/KONTAKT_23-header-logo-3.png\",\"width\":706,\"height\":71,\"caption\":\"Kontakt konferencija\"},\"image\":{\"@id\":\"https:\/\/www.kontakt.org.rs\/#\/schema\/logo\/image\/\"},\"sameAs\":[\"https:\/\/www.facebook.com\/KontaktBeograd\/\",\"https:\/\/www.instagram.com\/kontakt_beograd\/\"]}]}<\/script>\n<!-- \/ Yoast SEO plugin. -->","yoast_head_json":{"title":"Schedule - Kontakt konferencija","robots":{"index":"index","follow":"follow","max-snippet":"max-snippet:-1","max-image-preview":"max-image-preview:large","max-video-preview":"max-video-preview:-1"},"canonical":"https:\/\/www.kontakt.org.rs\/satnica-2024\/","og_locale":"en_US","og_type":"article","og_title":"Schedule - Kontakt konferencija","og_url":"https:\/\/www.kontakt.org.rs\/satnica-2024\/","og_site_name":"Kontakt konferencija","article_publisher":"https:\/\/www.facebook.com\/KontaktBeograd\/","article_modified_time":"2024-03-21T07:04:09+00:00","og_image":[{"width":1972,"height":1357,"url":"https:\/\/www.kontakt.org.rs\/wp-content\/uploads\/2024\/03\/K24_slider-shapes_02_ENG.webp","type":"image\/webp"}],"twitter_card":"summary_large_image","twitter_misc":{"Est. reading time":"12 minutes"},"schema":{"@context":"https:\/\/schema.org","@graph":[{"@type":"WebPage","@id":"https:\/\/www.kontakt.org.rs\/satnica-2024\/","url":"https:\/\/www.kontakt.org.rs\/satnica-2024\/","name":"Schedule - Kontakt konferencija","isPartOf":{"@id":"https:\/\/www.kontakt.org.rs\/#website"},"datePublished":"2024-02-13T06:42:37+00:00","dateModified":"2024-03-21T07:04:09+00:00","breadcrumb":{"@id":"https:\/\/www.kontakt.org.rs\/satnica-2024\/#breadcrumb"},"inLanguage":"en-US","potentialAction":[{"@type":"ReadAction","target":["https:\/\/www.kontakt.org.rs\/satnica-2024\/"]}]},{"@type":"BreadcrumbList","@id":"https:\/\/www.kontakt.org.rs\/satnica-2024\/#breadcrumb","itemListElement":[{"@type":"ListItem","position":1,"name":"Home","item":"https:\/\/www.kontakt.org.rs\/?lang=en"},{"@type":"ListItem","position":2,"name":"Schedule"}]},{"@type":"WebSite","@id":"https:\/\/www.kontakt.org.rs\/#website","url":"https:\/\/www.kontakt.org.rs\/","name":"Kontakt konferencija","description":"Kontakt 2023","publisher":{"@id":"https:\/\/www.kontakt.org.rs\/#organization"},"potentialAction":[{"@type":"SearchAction","target":{"@type":"EntryPoint","urlTemplate":"https:\/\/www.kontakt.org.rs\/?s={search_term_string}"},"query-input":{"@type":"PropertyValueSpecification","valueRequired":true,"valueName":"search_term_string"}}],"inLanguage":"en-US"},{"@type":"Organization","@id":"https:\/\/www.kontakt.org.rs\/#organization","name":"Kontakt konferencija","url":"https:\/\/www.kontakt.org.rs\/","logo":{"@type":"ImageObject","inLanguage":"en-US","@id":"https:\/\/www.kontakt.org.rs\/#\/schema\/logo\/image\/","url":"https:\/\/www.kontakt.org.rs\/wp-content\/uploads\/2023\/01\/KONTAKT_23-header-logo-3.png","contentUrl":"https:\/\/www.kontakt.org.rs\/wp-content\/uploads\/2023\/01\/KONTAKT_23-header-logo-3.png","width":706,"height":71,"caption":"Kontakt konferencija"},"image":{"@id":"https:\/\/www.kontakt.org.rs\/#\/schema\/logo\/image\/"},"sameAs":["https:\/\/www.facebook.com\/KontaktBeograd\/","https:\/\/www.instagram.com\/kontakt_beograd\/"]}]}},"_links":{"self":[{"href":"https:\/\/www.kontakt.org.rs\/en\/wp-json\/wp\/v2\/pages\/5285","targetHints":{"allow":["GET"]}}],"collection":[{"href":"https:\/\/www.kontakt.org.rs\/en\/wp-json\/wp\/v2\/pages"}],"about":[{"href":"https:\/\/www.kontakt.org.rs\/en\/wp-json\/wp\/v2\/types\/page"}],"author":[{"embeddable":true,"href":"https:\/\/www.kontakt.org.rs\/en\/wp-json\/wp\/v2\/users\/1"}],"replies":[{"embeddable":true,"href":"https:\/\/www.kontakt.org.rs\/en\/wp-json\/wp\/v2\/comments?post=5285"}],"version-history":[{"count":111,"href":"https:\/\/www.kontakt.org.rs\/en\/wp-json\/wp\/v2\/pages\/5285\/revisions"}],"predecessor-version":[{"id":7552,"href":"https:\/\/www.kontakt.org.rs\/en\/wp-json\/wp\/v2\/pages\/5285\/revisions\/7552"}],"wp:attachment":[{"href":"https:\/\/www.kontakt.org.rs\/en\/wp-json\/wp\/v2\/media?parent=5285"}],"curies":[{"name":"wp","href":"https:\/\/api.w.org\/{rel}","templated":true}]}}