{"id":3221,"date":"2019-09-09T15:52:36","date_gmt":"2019-09-09T13:52:36","guid":{"rendered":"http:\/\/slike.getonthestage.com.getonthestage.com\/delegates-2022\/"},"modified":"2022-12-08T17:15:16","modified_gmt":"2022-12-08T16:15:16","slug":"delegates-2022","status":"publish","type":"page","link":"https:\/\/www.kontakt.org.rs\/en\/delegates-2022\/","title":{"rendered":"Delegates 2022"},"content":{"rendered":"<p><div class=\"fusion-fullwidth fullwidth-box fusion-builder-row-1 fusion-flex-container has-pattern-background has-mask-background hundred-percent-fullwidth non-hundred-percent-height-scrolling\" style=\"--awb-border-radius-top-left:0px;--awb-border-radius-top-right:0px;--awb-border-radius-bottom-right:0px;--awb-border-radius-bottom-left:0px;--awb-padding-top:10px;--awb-padding-right:6%;--awb-padding-bottom:0px;--awb-padding-left:6%;--awb-flex-wrap:wrap;\" ><div class=\"fusion-builder-row fusion-row fusion-flex-align-items-flex-start fusion-flex-content-wrap\" style=\"width:104% !important;max-width:104% !important;margin-left: calc(-4% \/ 2 );margin-right: calc(-4% \/ 2 );\"><div class=\"fusion-layout-column fusion_builder_column fusion-builder-column-0 fusion_builder_column_1_1 1_1 fusion-flex-column\" style=\"--awb-bg-size:cover;--awb-width-large:100%;--awb-margin-top-large:20px;--awb-spacing-right-large:1.92%;--awb-margin-bottom-large:20px;--awb-spacing-left-large:1.92%;--awb-width-medium:100%;--awb-order-medium:0;--awb-spacing-right-medium:1.92%;--awb-spacing-left-medium:1.92%;--awb-width-small:100%;--awb-order-small:0;--awb-spacing-right-small:1.92%;--awb-spacing-left-small:1.92%;\"><div class=\"fusion-column-wrapper fusion-column-has-shadow fusion-flex-justify-content-flex-start fusion-content-layout-column\"><style type=\"text\/css\">.fusion-portfolio-wrapper#fusion-portfolio-1 .fusion-portfolio-content{ padding: 25px 25px 25px 25px; text-align: center; }<\/style><div class=\"fusion-recent-works fusion-portfolio-element fusion-portfolio fusion-portfolio-1 fusion-portfolio-grid fusion-portfolio-paging-infinite fusion-portfolio-four fusion-portfolio-boxed fusion-portfolio-text fusion-portfolio-equal-heights fusion-portfolio-rollover\" data-id=\"-rw-1\" data-columns=\"four\"><style type=\"text\/css\">.fusion-portfolio-1 .fusion-portfolio-wrapper .fusion-col-spacing{padding:15px;}<\/style><div class=\"fusion-portfolio-wrapper\" id=\"fusion-portfolio-1\" data-picturesize=\"fixed\" data-pages=\"3\" style=\"margin:-15px;\"><article id=\"portfolio-1-post-3936\" class=\"fusion-portfolio-post delegates-2022 fusion-col-spacing post-3936\"><div class=\"fusion-portfolio-content-wrapper\" style=\"border:none;background-color:rgba(255,255,255,0);\"><span class=\"vcard rich-snippet-hidden\"><span class=\"fn\"><a href=\"https:\/\/www.kontakt.org.rs\/en\/author\/stagezin\/\" title=\"Posts by stagezin\" rel=\"author\">stagezin<\/a><\/span><\/span><span class=\"updated rich-snippet-hidden\">2023-03-06T15:15:48+01:00<\/span><div  class=\"fusion-image-wrapper fusion-image-size-fixed\" aria-haspopup=\"true\">\n\t\t\t\t<img decoding=\"async\" width=\"300\" height=\"300\" src=\"https:\/\/www.kontakt.org.rs\/wp-content\/uploads\/2022\/12\/Ante-Zvonimir-Stamac-scaled-1-300x300.jpg\" data-orig-src=\"https:\/\/www.kontakt.org.rs\/wp-content\/uploads\/2022\/12\/Ante-Zvonimir-Stamac-scaled-1-300x300.jpg\" class=\"lazyload attachment-portfolio-three size-portfolio-three wp-post-image\" alt=\"\" srcset=\"data:image\/svg+xml,%3Csvg%20xmlns%3D%27http%3A%2F%2Fwww.w3.org%2F2000%2Fsvg%27%20width%3D%27300%27%20height%3D%27300%27%20viewBox%3D%270%200%20300%20300%27%3E%3Crect%20width%3D%27300%27%20height%3D%27300%27%20fill-opacity%3D%220%22%2F%3E%3C%2Fsvg%3E\" data-srcset=\"https:\/\/www.kontakt.org.rs\/wp-content\/uploads\/2022\/12\/Ante-Zvonimir-Stamac-scaled-1-66x66.jpg 66w, https:\/\/www.kontakt.org.rs\/wp-content\/uploads\/2022\/12\/Ante-Zvonimir-Stamac-scaled-1-150x150.jpg 150w, https:\/\/www.kontakt.org.rs\/wp-content\/uploads\/2022\/12\/Ante-Zvonimir-Stamac-scaled-1-300x300.jpg 300w\" data-sizes=\"auto\" data-orig-sizes=\"(max-width: 300px) 100vw, 300px\" \/><div class=\"fusion-rollover\">\n\t<div class=\"fusion-rollover-content\">\n\n\t\t\t\t\n\t\t\n\t\t\t\t\t\t\t\t\n\t\t\t\t\t\t\t\t\n\t\t\n\t\t\t\t\t\t<a class=\"fusion-link-wrapper\" href=\"https:\/\/www.kontakt.org.rs\/en\/delegates\/ante-zvonimir-stamac-ooo-booking-agency-hr\/?portfolioCats=81\" aria-label=\"&lt;strong&gt;Ante Zvonimir Stama\u0107&lt;\/strong&gt; &lt;br&gt; (We Move Music, CRO)\"><\/a>\n\t<\/div>\n<\/div>\n<\/div>\n<div class=\"fusion-portfolio-content\" style=\"background-color:rgba(255,255,255,0);\"><h2 class=\"entry-title fusion-post-title\"><a href=\"https:\/\/www.kontakt.org.rs\/en\/delegates\/ante-zvonimir-stamac-ooo-booking-agency-hr\/?portfolioCats=81\"><strong>Ante Zvonimir Stama\u0107<\/strong> <br> (We Move Music, CRO)<\/a><\/h2><div class=\"fusion-post-content\"><\/div><\/div><\/div><\/article><article id=\"portfolio-1-post-3310\" class=\"fusion-portfolio-post 2024-en delegates-2022 fusion-col-spacing post-3310\"><div class=\"fusion-portfolio-content-wrapper\" style=\"border:none;background-color:rgba(255,255,255,0);\"><span class=\"vcard rich-snippet-hidden\"><span class=\"fn\"><a href=\"https:\/\/www.kontakt.org.rs\/en\/author\/stagezin\/\" title=\"Posts by stagezin\" rel=\"author\">stagezin<\/a><\/span><\/span><span class=\"updated rich-snippet-hidden\">2024-03-06T18:12:52+01:00<\/span><div  class=\"fusion-image-wrapper fusion-image-size-fixed\" aria-haspopup=\"true\">\n\t\t\t\t<img decoding=\"async\" width=\"300\" height=\"300\" src=\"https:\/\/www.kontakt.org.rs\/wp-content\/uploads\/2022\/12\/Branka-2-scaled-1-300x300.jpg\" data-orig-src=\"https:\/\/www.kontakt.org.rs\/wp-content\/uploads\/2022\/12\/Branka-2-scaled-1-300x300.jpg\" class=\"lazyload attachment-portfolio-three size-portfolio-three wp-post-image\" alt=\"\" srcset=\"data:image\/svg+xml,%3Csvg%20xmlns%3D%27http%3A%2F%2Fwww.w3.org%2F2000%2Fsvg%27%20width%3D%27300%27%20height%3D%27300%27%20viewBox%3D%270%200%20300%20300%27%3E%3Crect%20width%3D%27300%27%20height%3D%27300%27%20fill-opacity%3D%220%22%2F%3E%3C%2Fsvg%3E\" data-srcset=\"https:\/\/www.kontakt.org.rs\/wp-content\/uploads\/2022\/12\/Branka-2-scaled-1-66x66.jpg 66w, https:\/\/www.kontakt.org.rs\/wp-content\/uploads\/2022\/12\/Branka-2-scaled-1-150x150.jpg 150w, https:\/\/www.kontakt.org.rs\/wp-content\/uploads\/2022\/12\/Branka-2-scaled-1-300x300.jpg 300w\" data-sizes=\"auto\" data-orig-sizes=\"(max-width: 300px) 100vw, 300px\" \/><div class=\"fusion-rollover\">\n\t<div class=\"fusion-rollover-content\">\n\n\t\t\t\t\n\t\t\n\t\t\t\t\t\t\t\t\n\t\t\t\t\t\t\t\t\n\t\t\n\t\t\t\t\t\t<a class=\"fusion-link-wrapper\" href=\"https:\/\/www.kontakt.org.rs\/en\/delegates\/branka-glavonjic-journalist-srb\/?portfolioCats=81\" aria-label=\"&lt;strong&gt;Branka Glavonji\u0107&lt;\/strong&gt; &lt;br&gt; (Journalist, SRB)\"><\/a>\n\t<\/div>\n<\/div>\n<\/div>\n<div class=\"fusion-portfolio-content\" style=\"background-color:rgba(255,255,255,0);\"><h2 class=\"entry-title fusion-post-title\"><a href=\"https:\/\/www.kontakt.org.rs\/en\/delegates\/branka-glavonjic-journalist-srb\/?portfolioCats=81\"><strong>Branka Glavonji\u0107<\/strong> <br> (Journalist, SRB)<\/a><\/h2><div class=\"fusion-post-content\"><\/div><\/div><\/div><\/article><article id=\"portfolio-1-post-3855\" class=\"fusion-portfolio-post 2024-en delegates-2022 fusion-col-spacing post-3855\"><div class=\"fusion-portfolio-content-wrapper\" style=\"border:none;background-color:rgba(255,255,255,0);\"><span class=\"vcard rich-snippet-hidden\"><span class=\"fn\"><a href=\"https:\/\/www.kontakt.org.rs\/en\/author\/stagezin\/\" title=\"Posts by stagezin\" rel=\"author\">stagezin<\/a><\/span><\/span><span class=\"updated rich-snippet-hidden\">2024-03-06T18:12:37+01:00<\/span><div  class=\"fusion-image-wrapper fusion-image-size-fixed\" aria-haspopup=\"true\">\n\t\t\t\t<img decoding=\"async\" width=\"300\" height=\"300\" src=\"https:\/\/www.kontakt.org.rs\/wp-content\/uploads\/2022\/12\/BR-300x300.jpg\" data-orig-src=\"https:\/\/www.kontakt.org.rs\/wp-content\/uploads\/2022\/12\/BR-300x300.jpg\" class=\"lazyload attachment-portfolio-three size-portfolio-three wp-post-image\" alt=\"\" srcset=\"data:image\/svg+xml,%3Csvg%20xmlns%3D%27http%3A%2F%2Fwww.w3.org%2F2000%2Fsvg%27%20width%3D%27300%27%20height%3D%27300%27%20viewBox%3D%270%200%20300%20300%27%3E%3Crect%20width%3D%27300%27%20height%3D%27300%27%20fill-opacity%3D%220%22%2F%3E%3C%2Fsvg%3E\" data-srcset=\"https:\/\/www.kontakt.org.rs\/wp-content\/uploads\/2022\/12\/BR-66x66.jpg 66w, https:\/\/www.kontakt.org.rs\/wp-content\/uploads\/2022\/12\/BR-150x150.jpg 150w, https:\/\/www.kontakt.org.rs\/wp-content\/uploads\/2022\/12\/BR-300x300.jpg 300w\" data-sizes=\"auto\" data-orig-sizes=\"(max-width: 300px) 100vw, 300px\" \/><div class=\"fusion-rollover\">\n\t<div class=\"fusion-rollover-content\">\n\n\t\t\t\t\n\t\t\n\t\t\t\t\t\t\t\t\n\t\t\t\t\t\t\t\t\n\t\t\n\t\t\t\t\t\t<a class=\"fusion-link-wrapper\" href=\"https:\/\/www.kontakt.org.rs\/en\/delegates\/branko-rosic-deputy-editor-in-chief-of-nedeljnik-magazine-srb\/?portfolioCats=81\" aria-label=\"&lt;strong&gt;Branko Rosi\u0107&lt;\/strong&gt; &lt;br&gt; (Deputy Editor-in-Chief of Nedeljnik magazine, SRB)\"><\/a>\n\t<\/div>\n<\/div>\n<\/div>\n<div class=\"fusion-portfolio-content\" style=\"background-color:rgba(255,255,255,0);\"><h2 class=\"entry-title fusion-post-title\"><a href=\"https:\/\/www.kontakt.org.rs\/en\/delegates\/branko-rosic-deputy-editor-in-chief-of-nedeljnik-magazine-srb\/?portfolioCats=81\"><strong>Branko Rosi\u0107<\/strong> <br> (Deputy Editor-in-Chief of Nedeljnik magazine, SRB)<\/a><\/h2><div class=\"fusion-post-content\"><\/div><\/div><\/div><\/article><article id=\"portfolio-1-post-3850\" class=\"fusion-portfolio-post delegates-2022 fusion-col-spacing post-3850\"><div class=\"fusion-portfolio-content-wrapper\" style=\"border:none;background-color:rgba(255,255,255,0);\"><span class=\"vcard rich-snippet-hidden\"><span class=\"fn\"><a href=\"https:\/\/www.kontakt.org.rs\/en\/author\/stagezin\/\" title=\"Posts by stagezin\" rel=\"author\">stagezin<\/a><\/span><\/span><span class=\"updated rich-snippet-hidden\">2023-03-06T17:14:20+01:00<\/span><div  class=\"fusion-image-wrapper fusion-image-size-fixed\" aria-haspopup=\"true\">\n\t\t\t\t<img decoding=\"async\" width=\"300\" height=\"300\" src=\"https:\/\/www.kontakt.org.rs\/wp-content\/uploads\/2022\/12\/dario-photo-300x300.jpg\" data-orig-src=\"https:\/\/www.kontakt.org.rs\/wp-content\/uploads\/2022\/12\/dario-photo-300x300.jpg\" class=\"lazyload attachment-portfolio-three size-portfolio-three wp-post-image\" alt=\"\" srcset=\"data:image\/svg+xml,%3Csvg%20xmlns%3D%27http%3A%2F%2Fwww.w3.org%2F2000%2Fsvg%27%20width%3D%27300%27%20height%3D%27300%27%20viewBox%3D%270%200%20300%20300%27%3E%3Crect%20width%3D%27300%27%20height%3D%27300%27%20fill-opacity%3D%220%22%2F%3E%3C%2Fsvg%3E\" data-srcset=\"https:\/\/www.kontakt.org.rs\/wp-content\/uploads\/2022\/12\/dario-photo-66x66.jpg 66w, https:\/\/www.kontakt.org.rs\/wp-content\/uploads\/2022\/12\/dario-photo-150x150.jpg 150w, https:\/\/www.kontakt.org.rs\/wp-content\/uploads\/2022\/12\/dario-photo-300x300.jpg 300w\" data-sizes=\"auto\" data-orig-sizes=\"(max-width: 300px) 100vw, 300px\" \/><div class=\"fusion-rollover\">\n\t<div class=\"fusion-rollover-content\">\n\n\t\t\t\t\n\t\t\n\t\t\t\t\t\t\t\t\n\t\t\t\t\t\t\t\t\n\t\t\n\t\t\t\t\t\t<a class=\"fusion-link-wrapper\" href=\"https:\/\/www.kontakt.org.rs\/en\/delegates\/dario-drastata-dallas-records-hr\/?portfolioCats=81\" aria-label=\"&lt;strong&gt;Dario Dra\u0161tata&lt;\/strong&gt; &lt;br&gt; (Dallas Records, CRO)\"><\/a>\n\t<\/div>\n<\/div>\n<\/div>\n<div class=\"fusion-portfolio-content\" style=\"background-color:rgba(255,255,255,0);\"><h2 class=\"entry-title fusion-post-title\"><a href=\"https:\/\/www.kontakt.org.rs\/en\/delegates\/dario-drastata-dallas-records-hr\/?portfolioCats=81\"><strong>Dario Dra\u0161tata<\/strong> <br> (Dallas Records, CRO)<\/a><\/h2><div class=\"fusion-post-content\"><\/div><\/div><\/div><\/article><article id=\"portfolio-1-post-4081\" class=\"fusion-portfolio-post 2024-en delegates-2022 fusion-col-spacing post-4081\"><div class=\"fusion-portfolio-content-wrapper\" style=\"border:none;background-color:rgba(255,255,255,0);\"><span class=\"vcard rich-snippet-hidden\"><span class=\"fn\"><a href=\"https:\/\/www.kontakt.org.rs\/en\/author\/stagezin\/\" title=\"Posts by stagezin\" rel=\"author\">stagezin<\/a><\/span><\/span><span class=\"updated rich-snippet-hidden\">2024-02-27T13:00:11+01:00<\/span><div  class=\"fusion-image-wrapper fusion-image-size-fixed\" aria-haspopup=\"true\">\n\t\t\t\t<img decoding=\"async\" width=\"300\" height=\"300\" src=\"https:\/\/www.kontakt.org.rs\/wp-content\/uploads\/2022\/12\/Darko-Kujundzic-300x300.jpg\" data-orig-src=\"https:\/\/www.kontakt.org.rs\/wp-content\/uploads\/2022\/12\/Darko-Kujundzic-300x300.jpg\" class=\"lazyload attachment-portfolio-three size-portfolio-three wp-post-image\" alt=\"\" srcset=\"data:image\/svg+xml,%3Csvg%20xmlns%3D%27http%3A%2F%2Fwww.w3.org%2F2000%2Fsvg%27%20width%3D%27300%27%20height%3D%27300%27%20viewBox%3D%270%200%20300%20300%27%3E%3Crect%20width%3D%27300%27%20height%3D%27300%27%20fill-opacity%3D%220%22%2F%3E%3C%2Fsvg%3E\" data-srcset=\"https:\/\/www.kontakt.org.rs\/wp-content\/uploads\/2022\/12\/Darko-Kujundzic-66x66.jpg 66w, https:\/\/www.kontakt.org.rs\/wp-content\/uploads\/2022\/12\/Darko-Kujundzic-150x150.jpg 150w, https:\/\/www.kontakt.org.rs\/wp-content\/uploads\/2022\/12\/Darko-Kujundzic-300x300.jpg 300w\" data-sizes=\"auto\" data-orig-sizes=\"(max-width: 300px) 100vw, 300px\" \/><div class=\"fusion-rollover\">\n\t<div class=\"fusion-rollover-content\">\n\n\t\t\t\t\n\t\t\n\t\t\t\t\t\t\t\t\n\t\t\t\t\t\t\t\t\n\t\t\n\t\t\t\t\t\t<a class=\"fusion-link-wrapper\" href=\"https:\/\/www.kontakt.org.rs\/en\/delegates\/darko-kujundzic-graphic-designer-hr\/?portfolioCats=81\" aria-label=\"&lt;strong&gt;Darko Kujund\u017ei\u0107&lt;\/strong&gt; &lt;br&gt; (Graphic designer, CRO)\"><\/a>\n\t<\/div>\n<\/div>\n<\/div>\n<div class=\"fusion-portfolio-content\" style=\"background-color:rgba(255,255,255,0);\"><h2 class=\"entry-title fusion-post-title\"><a href=\"https:\/\/www.kontakt.org.rs\/en\/delegates\/darko-kujundzic-graphic-designer-hr\/?portfolioCats=81\"><strong>Darko Kujund\u017ei\u0107<\/strong> <br> (Graphic designer, CRO)<\/a><\/h2><div class=\"fusion-post-content\"><\/div><\/div><\/div><\/article><article id=\"portfolio-1-post-3860\" class=\"fusion-portfolio-post delegates-2022 fusion-col-spacing post-3860\"><div class=\"fusion-portfolio-content-wrapper\" style=\"border:none;background-color:rgba(255,255,255,0);\"><span class=\"vcard rich-snippet-hidden\"><span class=\"fn\"><a href=\"https:\/\/www.kontakt.org.rs\/en\/author\/stagezin\/\" title=\"Posts by stagezin\" rel=\"author\">stagezin<\/a><\/span><\/span><span class=\"updated rich-snippet-hidden\">2022-12-06T13:01:16+01:00<\/span><div  class=\"fusion-image-wrapper fusion-image-size-fixed\" aria-haspopup=\"true\">\n\t\t\t\t<img decoding=\"async\" width=\"300\" height=\"300\" src=\"https:\/\/www.kontakt.org.rs\/wp-content\/uploads\/2022\/12\/Katarina-Deskovic_Drustvo-Kapa_Gala-hala_Kapa-records-300x300.jpg\" data-orig-src=\"https:\/\/www.kontakt.org.rs\/wp-content\/uploads\/2022\/12\/Katarina-Deskovic_Drustvo-Kapa_Gala-hala_Kapa-records-300x300.jpg\" class=\"lazyload attachment-portfolio-three size-portfolio-three wp-post-image\" alt=\"\" srcset=\"data:image\/svg+xml,%3Csvg%20xmlns%3D%27http%3A%2F%2Fwww.w3.org%2F2000%2Fsvg%27%20width%3D%27300%27%20height%3D%27300%27%20viewBox%3D%270%200%20300%20300%27%3E%3Crect%20width%3D%27300%27%20height%3D%27300%27%20fill-opacity%3D%220%22%2F%3E%3C%2Fsvg%3E\" data-srcset=\"https:\/\/www.kontakt.org.rs\/wp-content\/uploads\/2022\/12\/Katarina-Deskovic_Drustvo-Kapa_Gala-hala_Kapa-records-66x66.jpg 66w, https:\/\/www.kontakt.org.rs\/wp-content\/uploads\/2022\/12\/Katarina-Deskovic_Drustvo-Kapa_Gala-hala_Kapa-records-150x150.jpg 150w, https:\/\/www.kontakt.org.rs\/wp-content\/uploads\/2022\/12\/Katarina-Deskovic_Drustvo-Kapa_Gala-hala_Kapa-records-300x300.jpg 300w\" data-sizes=\"auto\" data-orig-sizes=\"(max-width: 300px) 100vw, 300px\" \/><div class=\"fusion-rollover\">\n\t<div class=\"fusion-rollover-content\">\n\n\t\t\t\t\n\t\t\n\t\t\t\t\t\t\t\t\n\t\t\t\t\t\t\t\t\n\t\t\n\t\t\t\t\t\t<a class=\"fusion-link-wrapper\" href=\"https:\/\/www.kontakt.org.rs\/en\/delegates\/deskovic-katarina-kaja-gala-hala-drustvo-kapa-kapa-records-slo\/?portfolioCats=81\" aria-label=\"&lt;strong&gt;Deskovi\u010d Katarina \u2013 Kaja&lt;\/strong&gt; &lt;br&gt; (Gala hala\/Dru\u0161tvo Kapa\/Kapa Records, SLO)\"><\/a>\n\t<\/div>\n<\/div>\n<\/div>\n<div class=\"fusion-portfolio-content\" style=\"background-color:rgba(255,255,255,0);\"><h2 class=\"entry-title fusion-post-title\"><a href=\"https:\/\/www.kontakt.org.rs\/en\/delegates\/deskovic-katarina-kaja-gala-hala-drustvo-kapa-kapa-records-slo\/?portfolioCats=81\"><strong>Deskovi\u010d Katarina \u2013 Kaja<\/strong> <br> (Gala hala\/Dru\u0161tvo Kapa\/Kapa Records, SLO)<\/a><\/h2><div class=\"fusion-post-content\"><\/div><\/div><\/div><\/article><article id=\"portfolio-1-post-5965\" class=\"fusion-portfolio-post 2024-en delegates-2022 fusion-col-spacing post-5965\"><div class=\"fusion-portfolio-content-wrapper\" style=\"border:none;background-color:rgba(255,255,255,0);\"><span class=\"vcard rich-snippet-hidden\"><span class=\"fn\"><a href=\"https:\/\/www.kontakt.org.rs\/en\/author\/stagezin\/\" title=\"Posts by stagezin\" rel=\"author\">stagezin<\/a><\/span><\/span><span class=\"updated rich-snippet-hidden\">2024-03-05T00:08:31+01:00<\/span><div  class=\"fusion-image-wrapper fusion-image-size-fixed\" aria-haspopup=\"true\">\n\t\t\t\t<img decoding=\"async\" width=\"300\" height=\"300\" src=\"https:\/\/www.kontakt.org.rs\/wp-content\/uploads\/2022\/12\/Dragan-Ambrozic-foto-privatna-arhiva-300x300.jpg\" data-orig-src=\"https:\/\/www.kontakt.org.rs\/wp-content\/uploads\/2022\/12\/Dragan-Ambrozic-foto-privatna-arhiva-300x300.jpg\" class=\"lazyload attachment-portfolio-three size-portfolio-three wp-post-image\" alt=\"\" srcset=\"data:image\/svg+xml,%3Csvg%20xmlns%3D%27http%3A%2F%2Fwww.w3.org%2F2000%2Fsvg%27%20width%3D%27300%27%20height%3D%27300%27%20viewBox%3D%270%200%20300%20300%27%3E%3Crect%20width%3D%27300%27%20height%3D%27300%27%20fill-opacity%3D%220%22%2F%3E%3C%2Fsvg%3E\" data-srcset=\"https:\/\/www.kontakt.org.rs\/wp-content\/uploads\/2022\/12\/Dragan-Ambrozic-foto-privatna-arhiva-66x66.jpg 66w, https:\/\/www.kontakt.org.rs\/wp-content\/uploads\/2022\/12\/Dragan-Ambrozic-foto-privatna-arhiva-150x150.jpg 150w, https:\/\/www.kontakt.org.rs\/wp-content\/uploads\/2022\/12\/Dragan-Ambrozic-foto-privatna-arhiva-300x300.jpg 300w\" data-sizes=\"auto\" data-orig-sizes=\"(max-width: 300px) 100vw, 300px\" \/><div class=\"fusion-rollover\">\n\t<div class=\"fusion-rollover-content\">\n\n\t\t\t\t\n\t\t\n\t\t\t\t\t\t\t\t\n\t\t\t\t\t\t\t\t\n\t\t\n\t\t\t\t\t\t<a class=\"fusion-link-wrapper\" href=\"https:\/\/www.kontakt.org.rs\/en\/delegates\/dragan-ambrozic-muzicki-kriticar-i-promoter-srb\/?portfolioCats=81\" aria-label=\"&lt;strong&gt;Dragan Ambrozi\u0107&lt;\/strong&gt; &lt;br&gt; (muzi\u010dki kriti\u010dar i promoter, SRB)\"><\/a>\n\t<\/div>\n<\/div>\n<\/div>\n<div class=\"fusion-portfolio-content\" style=\"background-color:rgba(255,255,255,0);\"><h2 class=\"entry-title fusion-post-title\"><a href=\"https:\/\/www.kontakt.org.rs\/en\/delegates\/dragan-ambrozic-muzicki-kriticar-i-promoter-srb\/?portfolioCats=81\"><strong>Dragan Ambrozi\u0107<\/strong> <br> (muzi\u010dki kriti\u010dar i promoter, SRB)<\/a><\/h2><div class=\"fusion-post-content\"><\/div><\/div><\/div><\/article><article id=\"portfolio-1-post-6112\" class=\"fusion-portfolio-post 2024-en delegates-2022 fusion-col-spacing post-6112\"><div class=\"fusion-portfolio-content-wrapper\" style=\"border:none;background-color:rgba(255,255,255,0);\"><span class=\"vcard rich-snippet-hidden\"><span class=\"fn\"><a href=\"https:\/\/www.kontakt.org.rs\/en\/author\/stagezin\/\" title=\"Posts by stagezin\" rel=\"author\">stagezin<\/a><\/span><\/span><span class=\"updated rich-snippet-hidden\">2024-03-06T18:02:20+01:00<\/span><div  class=\"fusion-image-wrapper fusion-image-size-fixed\" aria-haspopup=\"true\">\n\t\t\t\t<img decoding=\"async\" width=\"300\" height=\"300\" src=\"https:\/\/www.kontakt.org.rs\/wp-content\/uploads\/2022\/12\/Edin-Muftic-fotka-300x300.jpg\" data-orig-src=\"https:\/\/www.kontakt.org.rs\/wp-content\/uploads\/2022\/12\/Edin-Muftic-fotka-300x300.jpg\" class=\"lazyload attachment-portfolio-three size-portfolio-three wp-post-image\" alt=\"\" srcset=\"data:image\/svg+xml,%3Csvg%20xmlns%3D%27http%3A%2F%2Fwww.w3.org%2F2000%2Fsvg%27%20width%3D%27300%27%20height%3D%27300%27%20viewBox%3D%270%200%20300%20300%27%3E%3Crect%20width%3D%27300%27%20height%3D%27300%27%20fill-opacity%3D%220%22%2F%3E%3C%2Fsvg%3E\" data-srcset=\"https:\/\/www.kontakt.org.rs\/wp-content\/uploads\/2022\/12\/Edin-Muftic-fotka-66x66.jpg 66w, https:\/\/www.kontakt.org.rs\/wp-content\/uploads\/2022\/12\/Edin-Muftic-fotka-150x150.jpg 150w, https:\/\/www.kontakt.org.rs\/wp-content\/uploads\/2022\/12\/Edin-Muftic-fotka-300x300.jpg 300w\" data-sizes=\"auto\" data-orig-sizes=\"(max-width: 300px) 100vw, 300px\" \/><div class=\"fusion-rollover\">\n\t<div class=\"fusion-rollover-content\">\n\n\t\t\t\t\n\t\t\n\t\t\t\t\t\t\t\t\n\t\t\t\t\t\t\t\t\n\t\t\n\t\t\t\t\t\t<a class=\"fusion-link-wrapper\" href=\"https:\/\/www.kontakt.org.rs\/en\/delegates\/edin-muftic-sarajevo-disk-bih\/?portfolioCats=81\" aria-label=\"&lt;strong&gt;Edin Mufti\u0107&lt;\/strong&gt; &lt;br&gt; (Sarajevo disk, BIH)\"><\/a>\n\t<\/div>\n<\/div>\n<\/div>\n<div class=\"fusion-portfolio-content\" style=\"background-color:rgba(255,255,255,0);\"><h2 class=\"entry-title fusion-post-title\"><a href=\"https:\/\/www.kontakt.org.rs\/en\/delegates\/edin-muftic-sarajevo-disk-bih\/?portfolioCats=81\"><strong>Edin Mufti\u0107<\/strong> <br> (Sarajevo disk, BIH)<\/a><\/h2><div class=\"fusion-post-content\"><\/div><\/div><\/div><\/article><article id=\"portfolio-1-post-3927\" class=\"fusion-portfolio-post delegates-2022 fusion-col-spacing post-3927\"><div class=\"fusion-portfolio-content-wrapper\" style=\"border:none;background-color:rgba(255,255,255,0);\"><span class=\"vcard rich-snippet-hidden\"><span class=\"fn\"><a href=\"https:\/\/www.kontakt.org.rs\/en\/author\/stagezin\/\" title=\"Posts by stagezin\" rel=\"author\">stagezin<\/a><\/span><\/span><span class=\"updated rich-snippet-hidden\">2023-03-06T17:13:40+01:00<\/span><div  class=\"fusion-image-wrapper fusion-image-size-fixed\" aria-haspopup=\"true\">\n\t\t\t\t<img decoding=\"async\" width=\"300\" height=\"300\" src=\"https:\/\/www.kontakt.org.rs\/wp-content\/uploads\/2022\/12\/edo-plovanic-coffee-300x300.jpg\" data-orig-src=\"https:\/\/www.kontakt.org.rs\/wp-content\/uploads\/2022\/12\/edo-plovanic-coffee-300x300.jpg\" class=\"lazyload attachment-portfolio-three size-portfolio-three wp-post-image\" alt=\"\" srcset=\"data:image\/svg+xml,%3Csvg%20xmlns%3D%27http%3A%2F%2Fwww.w3.org%2F2000%2Fsvg%27%20width%3D%27300%27%20height%3D%27300%27%20viewBox%3D%270%200%20300%20300%27%3E%3Crect%20width%3D%27300%27%20height%3D%27300%27%20fill-opacity%3D%220%22%2F%3E%3C%2Fsvg%3E\" data-srcset=\"https:\/\/www.kontakt.org.rs\/wp-content\/uploads\/2022\/12\/edo-plovanic-coffee-66x66.jpg 66w, https:\/\/www.kontakt.org.rs\/wp-content\/uploads\/2022\/12\/edo-plovanic-coffee-150x150.jpg 150w, https:\/\/www.kontakt.org.rs\/wp-content\/uploads\/2022\/12\/edo-plovanic-coffee-300x300.jpg 300w\" data-sizes=\"auto\" data-orig-sizes=\"(max-width: 300px) 100vw, 300px\" \/><div class=\"fusion-rollover\">\n\t<div class=\"fusion-rollover-content\">\n\n\t\t\t\t\n\t\t\n\t\t\t\t\t\t\t\t\n\t\t\t\t\t\t\t\t\n\t\t\n\t\t\t\t\t\t<a class=\"fusion-link-wrapper\" href=\"https:\/\/www.kontakt.org.rs\/en\/delegates\/edo-plovanic-muzika-hr-hr\/?portfolioCats=81\" aria-label=\"&lt;strong&gt;Edo Plovani\u0107&lt;\/strong&gt; &lt;br&gt; (Muzika.hr, CRO)\"><\/a>\n\t<\/div>\n<\/div>\n<\/div>\n<div class=\"fusion-portfolio-content\" style=\"background-color:rgba(255,255,255,0);\"><h2 class=\"entry-title fusion-post-title\"><a href=\"https:\/\/www.kontakt.org.rs\/en\/delegates\/edo-plovanic-muzika-hr-hr\/?portfolioCats=81\"><strong>Edo Plovani\u0107<\/strong> <br> (Muzika.hr, CRO)<\/a><\/h2><div class=\"fusion-post-content\"><\/div><\/div><\/div><\/article><article id=\"portfolio-1-post-3932\" class=\"fusion-portfolio-post 2024-en delegates-2022 fusion-col-spacing post-3932\"><div class=\"fusion-portfolio-content-wrapper\" style=\"border:none;background-color:rgba(255,255,255,0);\"><span class=\"vcard rich-snippet-hidden\"><span class=\"fn\"><a href=\"https:\/\/www.kontakt.org.rs\/en\/author\/stagezin\/\" title=\"Posts by stagezin\" rel=\"author\">stagezin<\/a><\/span><\/span><span class=\"updated rich-snippet-hidden\">2024-03-06T18:09:40+01:00<\/span><div  class=\"fusion-image-wrapper fusion-image-size-fixed\" aria-haspopup=\"true\">\n\t\t\t\t<img decoding=\"async\" width=\"300\" height=\"300\" src=\"https:\/\/www.kontakt.org.rs\/wp-content\/uploads\/2022\/12\/FV-fotka-scaled-1-300x300.jpg\" data-orig-src=\"https:\/\/www.kontakt.org.rs\/wp-content\/uploads\/2022\/12\/FV-fotka-scaled-1-300x300.jpg\" class=\"lazyload attachment-portfolio-three size-portfolio-three wp-post-image\" alt=\"\" srcset=\"data:image\/svg+xml,%3Csvg%20xmlns%3D%27http%3A%2F%2Fwww.w3.org%2F2000%2Fsvg%27%20width%3D%27300%27%20height%3D%27300%27%20viewBox%3D%270%200%20300%20300%27%3E%3Crect%20width%3D%27300%27%20height%3D%27300%27%20fill-opacity%3D%220%22%2F%3E%3C%2Fsvg%3E\" data-srcset=\"https:\/\/www.kontakt.org.rs\/wp-content\/uploads\/2022\/12\/FV-fotka-scaled-1-66x66.jpg 66w, https:\/\/www.kontakt.org.rs\/wp-content\/uploads\/2022\/12\/FV-fotka-scaled-1-150x150.jpg 150w, https:\/\/www.kontakt.org.rs\/wp-content\/uploads\/2022\/12\/FV-fotka-scaled-1-300x300.jpg 300w\" data-sizes=\"auto\" data-orig-sizes=\"(max-width: 300px) 100vw, 300px\" \/><div class=\"fusion-rollover\">\n\t<div class=\"fusion-rollover-content\">\n\n\t\t\t\t\n\t\t\n\t\t\t\t\t\t\t\t\n\t\t\t\t\t\t\t\t\n\t\t\n\t\t\t\t\t\t<a class=\"fusion-link-wrapper\" href=\"https:\/\/www.kontakt.org.rs\/en\/delegates\/filip-vlatkovic-music-producer-srb\/?portfolioCats=81\" aria-label=\"&lt;strong&gt;Filip Vlatkovi\u0107&lt;\/strong&gt; &lt;br&gt; (music producer, SRB)\"><\/a>\n\t<\/div>\n<\/div>\n<\/div>\n<div class=\"fusion-portfolio-content\" style=\"background-color:rgba(255,255,255,0);\"><h2 class=\"entry-title fusion-post-title\"><a href=\"https:\/\/www.kontakt.org.rs\/en\/delegates\/filip-vlatkovic-music-producer-srb\/?portfolioCats=81\"><strong>Filip Vlatkovi\u0107<\/strong> <br> (music producer, SRB)<\/a><\/h2><div class=\"fusion-post-content\"><\/div><\/div><\/div><\/article><article id=\"portfolio-1-post-5437\" class=\"fusion-portfolio-post 2024-en delegates-2022 fusion-col-spacing post-5437\"><div class=\"fusion-portfolio-content-wrapper\" style=\"border:none;background-color:rgba(255,255,255,0);\"><span class=\"vcard rich-snippet-hidden\"><span class=\"fn\"><a href=\"https:\/\/www.kontakt.org.rs\/en\/author\/stagezin\/\" title=\"Posts by stagezin\" rel=\"author\">stagezin<\/a><\/span><\/span><span class=\"updated rich-snippet-hidden\">2024-02-16T00:21:10+01:00<\/span><div  class=\"fusion-image-wrapper fusion-image-size-fixed\" aria-haspopup=\"true\">\n\t\t\t\t<img decoding=\"async\" width=\"300\" height=\"300\" src=\"https:\/\/www.kontakt.org.rs\/wp-content\/uploads\/2024\/02\/Goran-Jovic-300x300.jpg\" data-orig-src=\"https:\/\/www.kontakt.org.rs\/wp-content\/uploads\/2024\/02\/Goran-Jovic-300x300.jpg\" class=\"lazyload attachment-portfolio-three size-portfolio-three wp-post-image\" alt=\"\" srcset=\"data:image\/svg+xml,%3Csvg%20xmlns%3D%27http%3A%2F%2Fwww.w3.org%2F2000%2Fsvg%27%20width%3D%27300%27%20height%3D%27300%27%20viewBox%3D%270%200%20300%20300%27%3E%3Crect%20width%3D%27300%27%20height%3D%27300%27%20fill-opacity%3D%220%22%2F%3E%3C%2Fsvg%3E\" data-srcset=\"https:\/\/www.kontakt.org.rs\/wp-content\/uploads\/2024\/02\/Goran-Jovic-66x66.jpg 66w, https:\/\/www.kontakt.org.rs\/wp-content\/uploads\/2024\/02\/Goran-Jovic-150x150.jpg 150w, https:\/\/www.kontakt.org.rs\/wp-content\/uploads\/2024\/02\/Goran-Jovic-300x300.jpg 300w\" data-sizes=\"auto\" data-orig-sizes=\"(max-width: 300px) 100vw, 300px\" \/><div class=\"fusion-rollover\">\n\t<div class=\"fusion-rollover-content\">\n\n\t\t\t\t\n\t\t\n\t\t\t\t\t\t\t\t\n\t\t\t\t\t\t\t\t\n\t\t\n\t\t\t\t\t\t<a class=\"fusion-link-wrapper\" href=\"https:\/\/www.kontakt.org.rs\/en\/delegates\/goran-jovic-radio-beograd-202-srb\/?portfolioCats=81\" aria-label=\"&lt;strong&gt;Goran Jovi\u0107&lt;\/strong&gt; &lt;br&gt; (Fidbox, Rok Energija, SRB)\"><\/a>\n\t<\/div>\n<\/div>\n<\/div>\n<div class=\"fusion-portfolio-content\" style=\"background-color:rgba(255,255,255,0);\"><h2 class=\"entry-title fusion-post-title\"><a href=\"https:\/\/www.kontakt.org.rs\/en\/delegates\/goran-jovic-radio-beograd-202-srb\/?portfolioCats=81\"><strong>Goran Jovi\u0107<\/strong> <br> (Fidbox, Rok Energija, SRB)<\/a><\/h2><div class=\"fusion-post-content\"><\/div><\/div><\/div><\/article><article id=\"portfolio-1-post-3924\" class=\"fusion-portfolio-post delegates-2022 fusion-col-spacing post-3924\"><div class=\"fusion-portfolio-content-wrapper\" style=\"border:none;background-color:rgba(255,255,255,0);\"><span class=\"vcard rich-snippet-hidden\"><span class=\"fn\"><a href=\"https:\/\/www.kontakt.org.rs\/en\/author\/stagezin\/\" title=\"Posts by stagezin\" rel=\"author\">stagezin<\/a><\/span><\/span><span class=\"updated rich-snippet-hidden\">2022-12-06T16:51:15+01:00<\/span><div  class=\"fusion-image-wrapper fusion-image-size-fixed\" aria-haspopup=\"true\">\n\t\t\t\t<img decoding=\"async\" width=\"300\" height=\"300\" src=\"https:\/\/www.kontakt.org.rs\/wp-content\/uploads\/2022\/12\/Igor-Scepanovic-Kontakt-300x300.jpg\" data-orig-src=\"https:\/\/www.kontakt.org.rs\/wp-content\/uploads\/2022\/12\/Igor-Scepanovic-Kontakt-300x300.jpg\" class=\"lazyload attachment-portfolio-three size-portfolio-three wp-post-image\" alt=\"\" srcset=\"data:image\/svg+xml,%3Csvg%20xmlns%3D%27http%3A%2F%2Fwww.w3.org%2F2000%2Fsvg%27%20width%3D%27300%27%20height%3D%27300%27%20viewBox%3D%270%200%20300%20300%27%3E%3Crect%20width%3D%27300%27%20height%3D%27300%27%20fill-opacity%3D%220%22%2F%3E%3C%2Fsvg%3E\" data-srcset=\"https:\/\/www.kontakt.org.rs\/wp-content\/uploads\/2022\/12\/Igor-Scepanovic-Kontakt-66x66.jpg 66w, https:\/\/www.kontakt.org.rs\/wp-content\/uploads\/2022\/12\/Igor-Scepanovic-Kontakt-150x150.jpg 150w, https:\/\/www.kontakt.org.rs\/wp-content\/uploads\/2022\/12\/Igor-Scepanovic-Kontakt-300x300.jpg 300w\" data-sizes=\"auto\" data-orig-sizes=\"(max-width: 300px) 100vw, 300px\" \/><div class=\"fusion-rollover\">\n\t<div class=\"fusion-rollover-content\">\n\n\t\t\t\t\n\t\t\n\t\t\t\t\t\t\t\t\n\t\t\t\t\t\t\t\t\n\t\t\n\t\t\t\t\t\t<a class=\"fusion-link-wrapper\" href=\"https:\/\/www.kontakt.org.rs\/en\/delegates\/igor-scepanovic-glitch-records-srb\/?portfolioCats=81\" aria-label=\"&lt;strong&gt;Igor \u0160\u0107epanovi\u0107&lt;\/strong&gt; &lt;br&gt; (Glitch Records, SRB)\"><\/a>\n\t<\/div>\n<\/div>\n<\/div>\n<div class=\"fusion-portfolio-content\" style=\"background-color:rgba(255,255,255,0);\"><h2 class=\"entry-title fusion-post-title\"><a href=\"https:\/\/www.kontakt.org.rs\/en\/delegates\/igor-scepanovic-glitch-records-srb\/?portfolioCats=81\"><strong>Igor \u0160\u0107epanovi\u0107<\/strong> <br> (Glitch Records, SRB)<\/a><\/h2><div class=\"fusion-post-content\"><\/div><\/div><\/div><\/article><article id=\"portfolio-1-post-3930\" class=\"fusion-portfolio-post 2024-en delegates-2022 fusion-col-spacing post-3930\"><div class=\"fusion-portfolio-content-wrapper\" style=\"border:none;background-color:rgba(255,255,255,0);\"><span class=\"vcard rich-snippet-hidden\"><span class=\"fn\"><a href=\"https:\/\/www.kontakt.org.rs\/en\/author\/stagezin\/\" title=\"Posts by stagezin\" rel=\"author\">stagezin<\/a><\/span><\/span><span class=\"updated rich-snippet-hidden\">2024-03-06T18:09:59+01:00<\/span><div  class=\"fusion-image-wrapper fusion-image-size-fixed\" aria-haspopup=\"true\">\n\t\t\t\t<img decoding=\"async\" width=\"300\" height=\"300\" src=\"https:\/\/www.kontakt.org.rs\/wp-content\/uploads\/2022\/12\/IMG_7426-300x300.jpg\" data-orig-src=\"https:\/\/www.kontakt.org.rs\/wp-content\/uploads\/2022\/12\/IMG_7426-300x300.jpg\" class=\"lazyload attachment-portfolio-three size-portfolio-three wp-post-image\" alt=\"\" srcset=\"data:image\/svg+xml,%3Csvg%20xmlns%3D%27http%3A%2F%2Fwww.w3.org%2F2000%2Fsvg%27%20width%3D%27300%27%20height%3D%27300%27%20viewBox%3D%270%200%20300%20300%27%3E%3Crect%20width%3D%27300%27%20height%3D%27300%27%20fill-opacity%3D%220%22%2F%3E%3C%2Fsvg%3E\" data-srcset=\"https:\/\/www.kontakt.org.rs\/wp-content\/uploads\/2022\/12\/IMG_7426-66x66.jpg 66w, https:\/\/www.kontakt.org.rs\/wp-content\/uploads\/2022\/12\/IMG_7426-150x150.jpg 150w, https:\/\/www.kontakt.org.rs\/wp-content\/uploads\/2022\/12\/IMG_7426-200x200.jpg 200w, https:\/\/www.kontakt.org.rs\/wp-content\/uploads\/2022\/12\/IMG_7426-300x300.jpg 300w, https:\/\/www.kontakt.org.rs\/wp-content\/uploads\/2022\/12\/IMG_7426-400x400.jpg 400w, https:\/\/www.kontakt.org.rs\/wp-content\/uploads\/2022\/12\/IMG_7426-600x600.jpg 600w, https:\/\/www.kontakt.org.rs\/wp-content\/uploads\/2022\/12\/IMG_7426.jpg 640w\" data-sizes=\"auto\" data-orig-sizes=\"(max-width: 300px) 100vw, 300px\" \/><div class=\"fusion-rollover\">\n\t<div class=\"fusion-rollover-content\">\n\n\t\t\t\t\n\t\t\n\t\t\t\t\t\t\t\t\n\t\t\t\t\t\t\t\t\n\t\t\n\t\t\t\t\t\t<a class=\"fusion-link-wrapper\" href=\"https:\/\/www.kontakt.org.rs\/en\/delegates\/ivan-ojkic-kisobran-srb\/?portfolioCats=81\" aria-label=\"&lt;strong&gt;Ivan Ojki\u0107&lt;\/strong&gt; &lt;br&gt; (Ki\u0161obran, SRB)\"><\/a>\n\t<\/div>\n<\/div>\n<\/div>\n<div class=\"fusion-portfolio-content\" style=\"background-color:rgba(255,255,255,0);\"><h2 class=\"entry-title fusion-post-title\"><a href=\"https:\/\/www.kontakt.org.rs\/en\/delegates\/ivan-ojkic-kisobran-srb\/?portfolioCats=81\"><strong>Ivan Ojki\u0107<\/strong> <br> (Ki\u0161obran, SRB)<\/a><\/h2><div class=\"fusion-post-content\"><\/div><\/div><\/div><\/article><article id=\"portfolio-1-post-3274\" class=\"fusion-portfolio-post delegates-2022 fusion-col-spacing post-3274\"><div class=\"fusion-portfolio-content-wrapper\" style=\"border:none;background-color:rgba(255,255,255,0);\"><span class=\"vcard rich-snippet-hidden\"><span class=\"fn\"><a href=\"https:\/\/www.kontakt.org.rs\/en\/author\/stagezin\/\" title=\"Posts by stagezin\" rel=\"author\">stagezin<\/a><\/span><\/span><span class=\"updated rich-snippet-hidden\">2023-03-06T17:15:04+01:00<\/span><div  class=\"fusion-image-wrapper fusion-image-size-fixed\" aria-haspopup=\"true\">\n\t\t\t\t<img decoding=\"async\" width=\"300\" height=\"300\" src=\"https:\/\/www.kontakt.org.rs\/wp-content\/uploads\/2022\/12\/Ivan-Sarar-1-300x300.jpeg\" data-orig-src=\"https:\/\/www.kontakt.org.rs\/wp-content\/uploads\/2022\/12\/Ivan-Sarar-1-300x300.jpeg\" class=\"lazyload attachment-portfolio-three size-portfolio-three wp-post-image\" alt=\"\" srcset=\"data:image\/svg+xml,%3Csvg%20xmlns%3D%27http%3A%2F%2Fwww.w3.org%2F2000%2Fsvg%27%20width%3D%27300%27%20height%3D%27300%27%20viewBox%3D%270%200%20300%20300%27%3E%3Crect%20width%3D%27300%27%20height%3D%27300%27%20fill-opacity%3D%220%22%2F%3E%3C%2Fsvg%3E\" data-srcset=\"https:\/\/www.kontakt.org.rs\/wp-content\/uploads\/2022\/12\/Ivan-Sarar-1-66x66.jpeg 66w, https:\/\/www.kontakt.org.rs\/wp-content\/uploads\/2022\/12\/Ivan-Sarar-1-150x150.jpeg 150w, https:\/\/www.kontakt.org.rs\/wp-content\/uploads\/2022\/12\/Ivan-Sarar-1-300x300.jpeg 300w\" data-sizes=\"auto\" data-orig-sizes=\"(max-width: 300px) 100vw, 300px\" \/><div class=\"fusion-rollover\">\n\t<div class=\"fusion-rollover-content\">\n\n\t\t\t\t\n\t\t\n\t\t\t\t\t\t\t\t\n\t\t\t\t\t\t\t\t\n\t\t\n\t\t\t\t\t\t<a class=\"fusion-link-wrapper\" href=\"https:\/\/www.kontakt.org.rs\/en\/delegates\/ivan-sarar-head-of-the-department-of-culture-of-the-city-of-rijeka-hr\/?portfolioCats=81\" aria-label=\"&lt;strong&gt;Ivan \u0160arar&lt;\/strong&gt; &lt;br&gt; (Head of the Department of Culture of the City of Rijeka, CRO)\"><\/a>\n\t<\/div>\n<\/div>\n<\/div>\n<div class=\"fusion-portfolio-content\" style=\"background-color:rgba(255,255,255,0);\"><h2 class=\"entry-title fusion-post-title\"><a href=\"https:\/\/www.kontakt.org.rs\/en\/delegates\/ivan-sarar-head-of-the-department-of-culture-of-the-city-of-rijeka-hr\/?portfolioCats=81\"><strong>Ivan \u0160arar<\/strong> <br> (Head of the Department of Culture of the City of Rijeka, CRO)<\/a><\/h2><div class=\"fusion-post-content\"><\/div><\/div><\/div><\/article><article id=\"portfolio-1-post-3922\" class=\"fusion-portfolio-post 2024-en delegates-2022 fusion-col-spacing post-3922\"><div class=\"fusion-portfolio-content-wrapper\" style=\"border:none;background-color:rgba(255,255,255,0);\"><span class=\"vcard rich-snippet-hidden\"><span class=\"fn\"><a href=\"https:\/\/www.kontakt.org.rs\/en\/author\/stagezin\/\" title=\"Posts by stagezin\" rel=\"author\">stagezin<\/a><\/span><\/span><span class=\"updated rich-snippet-hidden\">2024-02-16T00:12:18+01:00<\/span><div  class=\"fusion-image-wrapper fusion-image-size-fixed\" aria-haspopup=\"true\">\n\t\t\t\t<img decoding=\"async\" width=\"300\" height=\"300\" src=\"https:\/\/www.kontakt.org.rs\/wp-content\/uploads\/2024\/02\/Jelena-Bozic-1-300x300.jpg\" data-orig-src=\"https:\/\/www.kontakt.org.rs\/wp-content\/uploads\/2024\/02\/Jelena-Bozic-1-300x300.jpg\" class=\"lazyload attachment-portfolio-three size-portfolio-three wp-post-image\" alt=\"\" srcset=\"data:image\/svg+xml,%3Csvg%20xmlns%3D%27http%3A%2F%2Fwww.w3.org%2F2000%2Fsvg%27%20width%3D%27300%27%20height%3D%27300%27%20viewBox%3D%270%200%20300%20300%27%3E%3Crect%20width%3D%27300%27%20height%3D%27300%27%20fill-opacity%3D%220%22%2F%3E%3C%2Fsvg%3E\" data-srcset=\"https:\/\/www.kontakt.org.rs\/wp-content\/uploads\/2024\/02\/Jelena-Bozic-1-66x66.jpg 66w, https:\/\/www.kontakt.org.rs\/wp-content\/uploads\/2024\/02\/Jelena-Bozic-1-150x150.jpg 150w, https:\/\/www.kontakt.org.rs\/wp-content\/uploads\/2024\/02\/Jelena-Bozic-1-200x200.jpg 200w, https:\/\/www.kontakt.org.rs\/wp-content\/uploads\/2024\/02\/Jelena-Bozic-1-300x300.jpg 300w, https:\/\/www.kontakt.org.rs\/wp-content\/uploads\/2024\/02\/Jelena-Bozic-1-400x400.jpg 400w, https:\/\/www.kontakt.org.rs\/wp-content\/uploads\/2024\/02\/Jelena-Bozic-1-600x600.jpg 600w, https:\/\/www.kontakt.org.rs\/wp-content\/uploads\/2024\/02\/Jelena-Bozic-1-768x768.jpg 768w, https:\/\/www.kontakt.org.rs\/wp-content\/uploads\/2024\/02\/Jelena-Bozic-1-800x800.jpg 800w, https:\/\/www.kontakt.org.rs\/wp-content\/uploads\/2024\/02\/Jelena-Bozic-1-1024x1024.jpg 1024w, https:\/\/www.kontakt.org.rs\/wp-content\/uploads\/2024\/02\/Jelena-Bozic-1-1200x1200.jpg 1200w, https:\/\/www.kontakt.org.rs\/wp-content\/uploads\/2024\/02\/Jelena-Bozic-1.jpg 1440w\" data-sizes=\"auto\" data-orig-sizes=\"(max-width: 300px) 100vw, 300px\" \/><div class=\"fusion-rollover\">\n\t<div class=\"fusion-rollover-content\">\n\n\t\t\t\t\n\t\t\n\t\t\t\t\t\t\t\t\n\t\t\t\t\t\t\t\t\n\t\t\n\t\t\t\t\t\t<a class=\"fusion-link-wrapper\" href=\"https:\/\/www.kontakt.org.rs\/en\/delegates\/jelena-bozic-kulturanova-takt-fest-srb\/?portfolioCats=81\" aria-label=\"&lt;strong&gt;Jelena Bo\u017ei\u0107&lt;\/strong&gt; &lt;br&gt; (Kulturanova, Takt Fest, SRB)\"><\/a>\n\t<\/div>\n<\/div>\n<\/div>\n<div class=\"fusion-portfolio-content\" style=\"background-color:rgba(255,255,255,0);\"><h2 class=\"entry-title fusion-post-title\"><a href=\"https:\/\/www.kontakt.org.rs\/en\/delegates\/jelena-bozic-kulturanova-takt-fest-srb\/?portfolioCats=81\"><strong>Jelena Bo\u017ei\u0107<\/strong> <br> (Kulturanova, Takt Fest, SRB)<\/a><\/h2><div class=\"fusion-post-content\"><\/div><\/div><\/div><\/article><article id=\"portfolio-1-post-3859\" class=\"fusion-portfolio-post 2024-en delegates-2022 fusion-col-spacing post-3859\"><div class=\"fusion-portfolio-content-wrapper\" style=\"border:none;background-color:rgba(255,255,255,0);\"><span class=\"vcard rich-snippet-hidden\"><span class=\"fn\"><a href=\"https:\/\/www.kontakt.org.rs\/en\/author\/stagezin\/\" title=\"Posts by stagezin\" rel=\"author\">stagezin<\/a><\/span><\/span><span class=\"updated rich-snippet-hidden\">2024-03-13T23:43:54+01:00<\/span><div  class=\"fusion-image-wrapper fusion-image-size-fixed\" aria-haspopup=\"true\">\n\t\t\t\t<img decoding=\"async\" width=\"300\" height=\"300\" src=\"https:\/\/www.kontakt.org.rs\/wp-content\/uploads\/2022\/12\/Login-300x300.jpg\" data-orig-src=\"https:\/\/www.kontakt.org.rs\/wp-content\/uploads\/2022\/12\/Login-300x300.jpg\" class=\"lazyload attachment-portfolio-three size-portfolio-three wp-post-image\" alt=\"\" srcset=\"data:image\/svg+xml,%3Csvg%20xmlns%3D%27http%3A%2F%2Fwww.w3.org%2F2000%2Fsvg%27%20width%3D%27300%27%20height%3D%27300%27%20viewBox%3D%270%200%20300%20300%27%3E%3Crect%20width%3D%27300%27%20height%3D%27300%27%20fill-opacity%3D%220%22%2F%3E%3C%2Fsvg%3E\" data-srcset=\"https:\/\/www.kontakt.org.rs\/wp-content\/uploads\/2022\/12\/Login-66x66.jpg 66w, https:\/\/www.kontakt.org.rs\/wp-content\/uploads\/2022\/12\/Login-150x150.jpg 150w, https:\/\/www.kontakt.org.rs\/wp-content\/uploads\/2022\/12\/Login-300x300.jpg 300w, https:\/\/www.kontakt.org.rs\/wp-content\/uploads\/2022\/12\/Login-400x400.jpg 400w\" data-sizes=\"auto\" data-orig-sizes=\"(max-width: 300px) 100vw, 300px\" \/><div class=\"fusion-rollover\">\n\t<div class=\"fusion-rollover-content\">\n\n\t\t\t\t\n\t\t\n\t\t\t\t\t\t\t\t\n\t\t\t\t\t\t\t\t\n\t\t\n\t\t\t\t\t\t<a class=\"fusion-link-wrapper\" href=\"https:\/\/www.kontakt.org.rs\/en\/delegates\/login-kochishki-promoter-mkd\/?portfolioCats=81\" aria-label=\"&lt;strong&gt;Login Kochishki&lt;\/strong&gt; &lt;br&gt; (Promoter, MKD)\"><\/a>\n\t<\/div>\n<\/div>\n<\/div>\n<div class=\"fusion-portfolio-content\" style=\"background-color:rgba(255,255,255,0);\"><h2 class=\"entry-title fusion-post-title\"><a href=\"https:\/\/www.kontakt.org.rs\/en\/delegates\/login-kochishki-promoter-mkd\/?portfolioCats=81\"><strong>Login Kochishki<\/strong> <br> (Promoter, MKD)<\/a><\/h2><div class=\"fusion-post-content\"><\/div><\/div><\/div><\/article><\/div><div class=\"fusion-infinite-scroll-trigger\"><\/div><div class=\"pagination infinite-scroll clearfix\" style=\"display:none;\"><span class=\"current\">1<\/span><a href=\"https:\/\/www.kontakt.org.rs\/en\/wp-json\/wp\/v2\/pages\/3221\/page\/2\/\" class=\"inactive\">2<\/a><a class=\"pagination-next\" rel=\"next\" href=\"https:\/\/www.kontakt.org.rs\/en\/wp-json\/wp\/v2\/pages\/3221\/page\/2\/\"><span class=\"page-text\">Next<\/span><span class=\"page-next\"><\/span><\/a><\/div><div class=\"fusion-clearfix\"><\/div><\/div><\/div><\/div><\/div><\/div><div class=\"fusion-fullwidth fullwidth-box fusion-builder-row-2 fusion-flex-container has-pattern-background has-mask-background nonhundred-percent-fullwidth non-hundred-percent-height-scrolling\" style=\"--awb-border-radius-top-left:0px;--awb-border-radius-top-right:0px;--awb-border-radius-bottom-right:0px;--awb-border-radius-bottom-left:0px;--awb-flex-wrap:wrap;\" ><div class=\"fusion-builder-row fusion-row fusion-flex-align-items-flex-start fusion-flex-content-wrap\" style=\"max-width:1331.2px;margin-left: calc(-4% \/ 2 );margin-right: calc(-4% \/ 2 );\"><div class=\"fusion-layout-column fusion_builder_column fusion-builder-column-1 fusion_builder_column_1_1 1_1 fusion-flex-column\" style=\"--awb-bg-size:cover;--awb-width-large:100%;--awb-margin-top-large:20px;--awb-spacing-right-large:1.92%;--awb-margin-bottom-large:20px;--awb-spacing-left-large:1.92%;--awb-width-medium:100%;--awb-order-medium:0;--awb-spacing-right-medium:1.92%;--awb-spacing-left-medium:1.92%;--awb-width-small:100%;--awb-order-small:0;--awb-spacing-right-small:1.92%;--awb-spacing-left-small:1.92%;\"><div class=\"fusion-column-wrapper fusion-column-has-shadow fusion-flex-justify-content-flex-start fusion-content-layout-column\"><\/div><\/div><\/div><\/div><\/p>\n","protected":false},"excerpt":{"rendered":"","protected":false},"author":1,"featured_media":0,"parent":0,"menu_order":0,"comment_status":"closed","ping_status":"closed","template":"","meta":{"footnotes":""},"class_list":["post-3221","page","type-page","status-publish","hentry"],"yoast_head":"<!-- This site is optimized with the Yoast SEO plugin v24.6 - https:\/\/yoast.com\/wordpress\/plugins\/seo\/ -->\n<title>Delegates 2022 - Kontakt konferencija<\/title>\n<meta name=\"robots\" content=\"index, follow, max-snippet:-1, max-image-preview:large, max-video-preview:-1\" \/>\n<link rel=\"canonical\" href=\"https:\/\/www.kontakt.org.rs\/delegati-2022\/\" \/>\n<meta property=\"og:locale\" content=\"en_US\" \/>\n<meta property=\"og:type\" content=\"article\" \/>\n<meta property=\"og:title\" content=\"Delegates 2022 - Kontakt konferencija\" \/>\n<meta property=\"og:url\" content=\"https:\/\/www.kontakt.org.rs\/delegati-2022\/\" \/>\n<meta property=\"og:site_name\" content=\"Kontakt konferencija\" \/>\n<meta property=\"article:publisher\" content=\"https:\/\/www.facebook.com\/KontaktBeograd\/\" \/>\n<meta property=\"article:modified_time\" content=\"2022-12-08T16:15:16+00:00\" \/>\n<meta property=\"og:image\" content=\"https:\/\/www.kontakt.org.rs\/wp-content\/uploads\/2024\/03\/K24_slider-shapes_02_ENG.webp\" \/>\n\t<meta property=\"og:image:width\" content=\"1972\" \/>\n\t<meta property=\"og:image:height\" content=\"1357\" \/>\n\t<meta property=\"og:image:type\" content=\"image\/webp\" \/>\n<meta name=\"twitter:card\" content=\"summary_large_image\" \/>\n<meta name=\"twitter:label1\" content=\"Est. reading time\" \/>\n\t<meta name=\"twitter:data1\" content=\"8 minutes\" \/>\n<script type=\"application\/ld+json\" class=\"yoast-schema-graph\">{\"@context\":\"https:\/\/schema.org\",\"@graph\":[{\"@type\":\"WebPage\",\"@id\":\"https:\/\/www.kontakt.org.rs\/delegati-2022\/\",\"url\":\"https:\/\/www.kontakt.org.rs\/delegati-2022\/\",\"name\":\"Delegates 2022 - Kontakt konferencija\",\"isPartOf\":{\"@id\":\"https:\/\/www.kontakt.org.rs\/#website\"},\"datePublished\":\"2019-09-09T13:52:36+00:00\",\"dateModified\":\"2022-12-08T16:15:16+00:00\",\"breadcrumb\":{\"@id\":\"https:\/\/www.kontakt.org.rs\/delegati-2022\/#breadcrumb\"},\"inLanguage\":\"en-US\",\"potentialAction\":[{\"@type\":\"ReadAction\",\"target\":[\"https:\/\/www.kontakt.org.rs\/delegati-2022\/\"]}]},{\"@type\":\"BreadcrumbList\",\"@id\":\"https:\/\/www.kontakt.org.rs\/delegati-2022\/#breadcrumb\",\"itemListElement\":[{\"@type\":\"ListItem\",\"position\":1,\"name\":\"Home\",\"item\":\"https:\/\/www.kontakt.org.rs\/?lang=en\"},{\"@type\":\"ListItem\",\"position\":2,\"name\":\"Delegates 2022\"}]},{\"@type\":\"WebSite\",\"@id\":\"https:\/\/www.kontakt.org.rs\/#website\",\"url\":\"https:\/\/www.kontakt.org.rs\/\",\"name\":\"Kontakt konferencija\",\"description\":\"Kontakt 2023\",\"publisher\":{\"@id\":\"https:\/\/www.kontakt.org.rs\/#organization\"},\"potentialAction\":[{\"@type\":\"SearchAction\",\"target\":{\"@type\":\"EntryPoint\",\"urlTemplate\":\"https:\/\/www.kontakt.org.rs\/?s={search_term_string}\"},\"query-input\":{\"@type\":\"PropertyValueSpecification\",\"valueRequired\":true,\"valueName\":\"search_term_string\"}}],\"inLanguage\":\"en-US\"},{\"@type\":\"Organization\",\"@id\":\"https:\/\/www.kontakt.org.rs\/#organization\",\"name\":\"Kontakt konferencija\",\"url\":\"https:\/\/www.kontakt.org.rs\/\",\"logo\":{\"@type\":\"ImageObject\",\"inLanguage\":\"en-US\",\"@id\":\"https:\/\/www.kontakt.org.rs\/#\/schema\/logo\/image\/\",\"url\":\"https:\/\/www.kontakt.org.rs\/wp-content\/uploads\/2023\/01\/KONTAKT_23-header-logo-3.png\",\"contentUrl\":\"https:\/\/www.kontakt.org.rs\/wp-content\/uploads\/2023\/01\/KONTAKT_23-header-logo-3.png\",\"width\":706,\"height\":71,\"caption\":\"Kontakt konferencija\"},\"image\":{\"@id\":\"https:\/\/www.kontakt.org.rs\/#\/schema\/logo\/image\/\"},\"sameAs\":[\"https:\/\/www.facebook.com\/KontaktBeograd\/\",\"https:\/\/www.instagram.com\/kontakt_beograd\/\"]}]}<\/script>\n<!-- \/ Yoast SEO plugin. -->","yoast_head_json":{"title":"Delegates 2022 - Kontakt konferencija","robots":{"index":"index","follow":"follow","max-snippet":"max-snippet:-1","max-image-preview":"max-image-preview:large","max-video-preview":"max-video-preview:-1"},"canonical":"https:\/\/www.kontakt.org.rs\/delegati-2022\/","og_locale":"en_US","og_type":"article","og_title":"Delegates 2022 - Kontakt konferencija","og_url":"https:\/\/www.kontakt.org.rs\/delegati-2022\/","og_site_name":"Kontakt konferencija","article_publisher":"https:\/\/www.facebook.com\/KontaktBeograd\/","article_modified_time":"2022-12-08T16:15:16+00:00","og_image":[{"width":1972,"height":1357,"url":"https:\/\/www.kontakt.org.rs\/wp-content\/uploads\/2024\/03\/K24_slider-shapes_02_ENG.webp","type":"image\/webp"}],"twitter_card":"summary_large_image","twitter_misc":{"Est. reading time":"8 minutes"},"schema":{"@context":"https:\/\/schema.org","@graph":[{"@type":"WebPage","@id":"https:\/\/www.kontakt.org.rs\/delegati-2022\/","url":"https:\/\/www.kontakt.org.rs\/delegati-2022\/","name":"Delegates 2022 - Kontakt konferencija","isPartOf":{"@id":"https:\/\/www.kontakt.org.rs\/#website"},"datePublished":"2019-09-09T13:52:36+00:00","dateModified":"2022-12-08T16:15:16+00:00","breadcrumb":{"@id":"https:\/\/www.kontakt.org.rs\/delegati-2022\/#breadcrumb"},"inLanguage":"en-US","potentialAction":[{"@type":"ReadAction","target":["https:\/\/www.kontakt.org.rs\/delegati-2022\/"]}]},{"@type":"BreadcrumbList","@id":"https:\/\/www.kontakt.org.rs\/delegati-2022\/#breadcrumb","itemListElement":[{"@type":"ListItem","position":1,"name":"Home","item":"https:\/\/www.kontakt.org.rs\/?lang=en"},{"@type":"ListItem","position":2,"name":"Delegates 2022"}]},{"@type":"WebSite","@id":"https:\/\/www.kontakt.org.rs\/#website","url":"https:\/\/www.kontakt.org.rs\/","name":"Kontakt konferencija","description":"Kontakt 2023","publisher":{"@id":"https:\/\/www.kontakt.org.rs\/#organization"},"potentialAction":[{"@type":"SearchAction","target":{"@type":"EntryPoint","urlTemplate":"https:\/\/www.kontakt.org.rs\/?s={search_term_string}"},"query-input":{"@type":"PropertyValueSpecification","valueRequired":true,"valueName":"search_term_string"}}],"inLanguage":"en-US"},{"@type":"Organization","@id":"https:\/\/www.kontakt.org.rs\/#organization","name":"Kontakt konferencija","url":"https:\/\/www.kontakt.org.rs\/","logo":{"@type":"ImageObject","inLanguage":"en-US","@id":"https:\/\/www.kontakt.org.rs\/#\/schema\/logo\/image\/","url":"https:\/\/www.kontakt.org.rs\/wp-content\/uploads\/2023\/01\/KONTAKT_23-header-logo-3.png","contentUrl":"https:\/\/www.kontakt.org.rs\/wp-content\/uploads\/2023\/01\/KONTAKT_23-header-logo-3.png","width":706,"height":71,"caption":"Kontakt konferencija"},"image":{"@id":"https:\/\/www.kontakt.org.rs\/#\/schema\/logo\/image\/"},"sameAs":["https:\/\/www.facebook.com\/KontaktBeograd\/","https:\/\/www.instagram.com\/kontakt_beograd\/"]}]}},"_links":{"self":[{"href":"https:\/\/www.kontakt.org.rs\/en\/wp-json\/wp\/v2\/pages\/3221","targetHints":{"allow":["GET"]}}],"collection":[{"href":"https:\/\/www.kontakt.org.rs\/en\/wp-json\/wp\/v2\/pages"}],"about":[{"href":"https:\/\/www.kontakt.org.rs\/en\/wp-json\/wp\/v2\/types\/page"}],"author":[{"embeddable":true,"href":"https:\/\/www.kontakt.org.rs\/en\/wp-json\/wp\/v2\/users\/1"}],"replies":[{"embeddable":true,"href":"https:\/\/www.kontakt.org.rs\/en\/wp-json\/wp\/v2\/comments?post=3221"}],"version-history":[{"count":1,"href":"https:\/\/www.kontakt.org.rs\/en\/wp-json\/wp\/v2\/pages\/3221\/revisions"}],"predecessor-version":[{"id":3222,"href":"https:\/\/www.kontakt.org.rs\/en\/wp-json\/wp\/v2\/pages\/3221\/revisions\/3222"}],"wp:attachment":[{"href":"https:\/\/www.kontakt.org.rs\/en\/wp-json\/wp\/v2\/media?parent=3221"}],"curies":[{"name":"wp","href":"https:\/\/api.w.org\/{rel}","templated":true}]}}