{"id":5979,"date":"2023-03-16T15:40:44","date_gmt":"2023-03-16T14:40:44","guid":{"rendered":"https:\/\/www.kontakt.org.rs\/delegati\/ivan-ilic-rts-big-band-srb\/"},"modified":"2024-03-11T19:58:09","modified_gmt":"2024-03-11T18:58:09","slug":"ivan-ilic-rts-big-band-srb","status":"publish","type":"avada_portfolio","link":"https:\/\/www.kontakt.org.rs\/en\/delegates\/ivan-ilic-rts-big-band-srb\/","title":{"rendered":"<strong>Ivan Ili\u0107  <\/strong> <br> (Centar beogradskih festivala, SRB)"},"content":{"rendered":"<p>Ivan Ili\u0107 (Belgrade, March 7, 1972), doctor of arts, is a Serbian keyboardist, conductor, arranger, composer and trombonist. He has been an assistant professor at the Faculty of Music in Belgrade at the Department of Jazz and Popular Music since 2018.<\/p>\n<p>He was born on March 7, 1972 in Belgrade, where he graduated from the &#8220;Mokranjac&#8221; elementary and secondary music school.<\/p>\n<p>In 1992, he graduated with the highest grades in arranging at Berklee College of Music in Boston, where he completed the four-year program in two years, and then moved to Canada, where he engaged in music pedagogy and led popular and jazz music ensembles.<\/p>\n<p>He completed specialist studies in conducting in the class of Professor Stanko \u0160epi\u0107 at the Faculty of Music in Belgrade in 2008.[1]<\/p>\n<p>He completed his master&#8217;s studies in jazz trombone at the Faculty of Music in Belgrade.<\/p>\n<p>He received his doctorate in multimedia art at the University of Arts in Belgrade, under the mentorship of prof. emeritus Svetozar Rapaji\u0107, staging the original musical &#8220;Cave&#8221;, directed by Jana Mari\u010di\u0107 and in collaboration with librettist Slobodan Obradovi\u0107. The cave was performed at the BELEF 2019 festival.<\/p>\n<p>After returning to Belgrade from Canada, he collaborates with the RTS Big Band as an arranger, conductor, composer and trombone player and leads the orchestra at numerous concerts, festivals, recordings, guest appearances and recordings for radio and television. He collaborated with a large number of Serbian and international jazz musicians, and performed at many international jazz festivals around the world.<\/p>\n<p>He has been a permanent member of Jovan Maljokovi\u0107&#8217;s band for over 20 years, with whom he also recorded important releases for PGP-RTS.<\/p>\n<p>He collaborated with a large number of Serbian musicians such as Van Gogh, Ana Stani\u0107, Mom\u010dilo Bajagi\u0107 Bajaga, \u017deljko Joksimovi\u0107, Lepa Brena, Svetlana Ra\u017enatovi\u0107 and many others. He composed music for the theater, video productions and musicals such as Golje (2001), Spusti se na zemlju (2006) and Glavo Luda for the theater in Terazije, where he also signed arrangements for 4 more licensed productions of important Broadway titles (The Producers, Chorus Line, Sweet Charity, Victor\/Victoria).[1] He is the author of the music for the play America the Second Part by Biljana Srbljanovi\u0107, directed by Dejan Mija\u010d (Atelje 212), as well as the music for the feature film S.O.S. \u2014 Save our souls from 2007 by Slobodan \u0160ijana.<\/p>\n<p>He was the conductor of the RTS Big Band in the period from 2001-2018. He is the president of the Association of Jazz, Entertainment and Rock Musicians of Serbia, as well as the president of the Assembly of the Agency for the Exercising of Performers&#8217; Rights in Serbia. From August 2006 to 2018, he was a member of the band Galija.<\/p>\n","protected":false},"excerpt":{"rendered":"<p>Ivan Ili\u0107 (Belgrade, March 7, 1972), doctor of arts, is a Serbian keyboardist, conductor, arranger, composer and<\/p>\n","protected":false},"author":1,"featured_media":4563,"menu_order":0,"template":"","format":"standard","meta":{"footnotes":""},"portfolio_category":[80,89],"portfolio_skills":[],"portfolio_tags":[],"class_list":["post-5979","avada_portfolio","type-avada_portfolio","status-publish","format-standard","has-post-thumbnail","hentry","portfolio_category-2023-en","portfolio_category-2024-en"],"yoast_head":"<!-- This site is optimized with the Yoast SEO plugin v24.6 - https:\/\/yoast.com\/wordpress\/plugins\/seo\/ -->\n<title>Ivan Ili\u0107   (Centar beogradskih festivala, SRB) - Kontakt konferencija<\/title>\n<meta name=\"robots\" content=\"index, follow, max-snippet:-1, max-image-preview:large, max-video-preview:-1\" \/>\n<link rel=\"canonical\" href=\"https:\/\/www.kontakt.org.rs\/delegati\/ivan-ilic-rts-big-band-srb\/?lang=en\" \/>\n<meta property=\"og:locale\" content=\"en_US\" \/>\n<meta property=\"og:type\" content=\"article\" \/>\n<meta property=\"og:title\" content=\"Ivan Ili\u0107   (Centar beogradskih festivala, SRB) - Kontakt konferencija\" \/>\n<meta property=\"og:description\" content=\"Ivan Ili\u0107 (Belgrade, March 7, 1972), doctor of arts, is a Serbian keyboardist, conductor, arranger, composer and\" \/>\n<meta property=\"og:url\" content=\"https:\/\/www.kontakt.org.rs\/delegati\/ivan-ilic-rts-big-band-srb\/?lang=en\" \/>\n<meta property=\"og:site_name\" content=\"Kontakt konferencija\" \/>\n<meta property=\"article:publisher\" content=\"https:\/\/www.facebook.com\/KontaktBeograd\/\" \/>\n<meta property=\"article:modified_time\" content=\"2024-03-11T18:58:09+00:00\" \/>\n<meta property=\"og:image\" content=\"https:\/\/www.kontakt.org.rs\/wp-content\/uploads\/2023\/03\/Ivan-Ilic-April-2019-BG.jpg\" \/>\n\t<meta property=\"og:image:width\" content=\"1235\" \/>\n\t<meta property=\"og:image:height\" content=\"1235\" \/>\n\t<meta property=\"og:image:type\" content=\"image\/jpeg\" \/>\n<meta name=\"twitter:card\" content=\"summary_large_image\" \/>\n<meta name=\"twitter:label1\" content=\"Est. reading time\" \/>\n\t<meta name=\"twitter:data1\" content=\"3 minutes\" \/>\n<script type=\"application\/ld+json\" class=\"yoast-schema-graph\">{\"@context\":\"https:\/\/schema.org\",\"@graph\":[{\"@type\":\"WebPage\",\"@id\":\"https:\/\/www.kontakt.org.rs\/delegati\/ivan-ilic-rts-big-band-srb\/?lang=en\",\"url\":\"https:\/\/www.kontakt.org.rs\/delegati\/ivan-ilic-rts-big-band-srb\/?lang=en\",\"name\":\"Ivan Ili\u0107 (Centar beogradskih festivala, SRB) - Kontakt konferencija\",\"isPartOf\":{\"@id\":\"https:\/\/www.kontakt.org.rs\/#website\"},\"primaryImageOfPage\":{\"@id\":\"https:\/\/www.kontakt.org.rs\/delegati\/ivan-ilic-rts-big-band-srb\/?lang=en#primaryimage\"},\"image\":{\"@id\":\"https:\/\/www.kontakt.org.rs\/delegati\/ivan-ilic-rts-big-band-srb\/?lang=en#primaryimage\"},\"thumbnailUrl\":\"https:\/\/www.kontakt.org.rs\/wp-content\/uploads\/2023\/03\/Ivan-Ilic-April-2019-BG.jpg\",\"datePublished\":\"2023-03-16T14:40:44+00:00\",\"dateModified\":\"2024-03-11T18:58:09+00:00\",\"breadcrumb\":{\"@id\":\"https:\/\/www.kontakt.org.rs\/delegati\/ivan-ilic-rts-big-band-srb\/?lang=en#breadcrumb\"},\"inLanguage\":\"en-US\",\"potentialAction\":[{\"@type\":\"ReadAction\",\"target\":[\"https:\/\/www.kontakt.org.rs\/delegati\/ivan-ilic-rts-big-band-srb\/?lang=en\"]}]},{\"@type\":\"ImageObject\",\"inLanguage\":\"en-US\",\"@id\":\"https:\/\/www.kontakt.org.rs\/delegati\/ivan-ilic-rts-big-band-srb\/?lang=en#primaryimage\",\"url\":\"https:\/\/www.kontakt.org.rs\/wp-content\/uploads\/2023\/03\/Ivan-Ilic-April-2019-BG.jpg\",\"contentUrl\":\"https:\/\/www.kontakt.org.rs\/wp-content\/uploads\/2023\/03\/Ivan-Ilic-April-2019-BG.jpg\",\"width\":1235,\"height\":1235},{\"@type\":\"BreadcrumbList\",\"@id\":\"https:\/\/www.kontakt.org.rs\/delegati\/ivan-ilic-rts-big-band-srb\/?lang=en#breadcrumb\",\"itemListElement\":[{\"@type\":\"ListItem\",\"position\":1,\"name\":\"Home\",\"item\":\"https:\/\/www.kontakt.org.rs\/?lang=en\"},{\"@type\":\"ListItem\",\"position\":2,\"name\":\"Portfolio\",\"item\":\"https:\/\/www.kontakt.org.rs\/delegates\/\"},{\"@type\":\"ListItem\",\"position\":3,\"name\":\"Ivan Ili\u0107 (Centar beogradskih festivala, SRB)\"}]},{\"@type\":\"WebSite\",\"@id\":\"https:\/\/www.kontakt.org.rs\/#website\",\"url\":\"https:\/\/www.kontakt.org.rs\/\",\"name\":\"Kontakt konferencija\",\"description\":\"Kontakt 2023\",\"publisher\":{\"@id\":\"https:\/\/www.kontakt.org.rs\/#organization\"},\"potentialAction\":[{\"@type\":\"SearchAction\",\"target\":{\"@type\":\"EntryPoint\",\"urlTemplate\":\"https:\/\/www.kontakt.org.rs\/?s={search_term_string}\"},\"query-input\":{\"@type\":\"PropertyValueSpecification\",\"valueRequired\":true,\"valueName\":\"search_term_string\"}}],\"inLanguage\":\"en-US\"},{\"@type\":\"Organization\",\"@id\":\"https:\/\/www.kontakt.org.rs\/#organization\",\"name\":\"Kontakt konferencija\",\"url\":\"https:\/\/www.kontakt.org.rs\/\",\"logo\":{\"@type\":\"ImageObject\",\"inLanguage\":\"en-US\",\"@id\":\"https:\/\/www.kontakt.org.rs\/#\/schema\/logo\/image\/\",\"url\":\"https:\/\/www.kontakt.org.rs\/wp-content\/uploads\/2023\/01\/KONTAKT_23-header-logo-3.png\",\"contentUrl\":\"https:\/\/www.kontakt.org.rs\/wp-content\/uploads\/2023\/01\/KONTAKT_23-header-logo-3.png\",\"width\":706,\"height\":71,\"caption\":\"Kontakt konferencija\"},\"image\":{\"@id\":\"https:\/\/www.kontakt.org.rs\/#\/schema\/logo\/image\/\"},\"sameAs\":[\"https:\/\/www.facebook.com\/KontaktBeograd\/\",\"https:\/\/www.instagram.com\/kontakt_beograd\/\"]}]}<\/script>\n<!-- \/ Yoast SEO plugin. -->","yoast_head_json":{"title":"Ivan Ili\u0107   (Centar beogradskih festivala, SRB) - Kontakt konferencija","robots":{"index":"index","follow":"follow","max-snippet":"max-snippet:-1","max-image-preview":"max-image-preview:large","max-video-preview":"max-video-preview:-1"},"canonical":"https:\/\/www.kontakt.org.rs\/delegati\/ivan-ilic-rts-big-band-srb\/?lang=en","og_locale":"en_US","og_type":"article","og_title":"Ivan Ili\u0107   (Centar beogradskih festivala, SRB) - Kontakt konferencija","og_description":"Ivan Ili\u0107 (Belgrade, March 7, 1972), doctor of arts, is a Serbian keyboardist, conductor, arranger, composer and","og_url":"https:\/\/www.kontakt.org.rs\/delegati\/ivan-ilic-rts-big-band-srb\/?lang=en","og_site_name":"Kontakt konferencija","article_publisher":"https:\/\/www.facebook.com\/KontaktBeograd\/","article_modified_time":"2024-03-11T18:58:09+00:00","og_image":[{"width":1235,"height":1235,"url":"https:\/\/www.kontakt.org.rs\/wp-content\/uploads\/2023\/03\/Ivan-Ilic-April-2019-BG.jpg","type":"image\/jpeg"}],"twitter_card":"summary_large_image","twitter_misc":{"Est. reading time":"3 minutes"},"schema":{"@context":"https:\/\/schema.org","@graph":[{"@type":"WebPage","@id":"https:\/\/www.kontakt.org.rs\/delegati\/ivan-ilic-rts-big-band-srb\/?lang=en","url":"https:\/\/www.kontakt.org.rs\/delegati\/ivan-ilic-rts-big-band-srb\/?lang=en","name":"Ivan Ili\u0107 (Centar beogradskih festivala, SRB) - Kontakt konferencija","isPartOf":{"@id":"https:\/\/www.kontakt.org.rs\/#website"},"primaryImageOfPage":{"@id":"https:\/\/www.kontakt.org.rs\/delegati\/ivan-ilic-rts-big-band-srb\/?lang=en#primaryimage"},"image":{"@id":"https:\/\/www.kontakt.org.rs\/delegati\/ivan-ilic-rts-big-band-srb\/?lang=en#primaryimage"},"thumbnailUrl":"https:\/\/www.kontakt.org.rs\/wp-content\/uploads\/2023\/03\/Ivan-Ilic-April-2019-BG.jpg","datePublished":"2023-03-16T14:40:44+00:00","dateModified":"2024-03-11T18:58:09+00:00","breadcrumb":{"@id":"https:\/\/www.kontakt.org.rs\/delegati\/ivan-ilic-rts-big-band-srb\/?lang=en#breadcrumb"},"inLanguage":"en-US","potentialAction":[{"@type":"ReadAction","target":["https:\/\/www.kontakt.org.rs\/delegati\/ivan-ilic-rts-big-band-srb\/?lang=en"]}]},{"@type":"ImageObject","inLanguage":"en-US","@id":"https:\/\/www.kontakt.org.rs\/delegati\/ivan-ilic-rts-big-band-srb\/?lang=en#primaryimage","url":"https:\/\/www.kontakt.org.rs\/wp-content\/uploads\/2023\/03\/Ivan-Ilic-April-2019-BG.jpg","contentUrl":"https:\/\/www.kontakt.org.rs\/wp-content\/uploads\/2023\/03\/Ivan-Ilic-April-2019-BG.jpg","width":1235,"height":1235},{"@type":"BreadcrumbList","@id":"https:\/\/www.kontakt.org.rs\/delegati\/ivan-ilic-rts-big-band-srb\/?lang=en#breadcrumb","itemListElement":[{"@type":"ListItem","position":1,"name":"Home","item":"https:\/\/www.kontakt.org.rs\/?lang=en"},{"@type":"ListItem","position":2,"name":"Portfolio","item":"https:\/\/www.kontakt.org.rs\/delegates\/"},{"@type":"ListItem","position":3,"name":"Ivan Ili\u0107 (Centar beogradskih festivala, SRB)"}]},{"@type":"WebSite","@id":"https:\/\/www.kontakt.org.rs\/#website","url":"https:\/\/www.kontakt.org.rs\/","name":"Kontakt konferencija","description":"Kontakt 2023","publisher":{"@id":"https:\/\/www.kontakt.org.rs\/#organization"},"potentialAction":[{"@type":"SearchAction","target":{"@type":"EntryPoint","urlTemplate":"https:\/\/www.kontakt.org.rs\/?s={search_term_string}"},"query-input":{"@type":"PropertyValueSpecification","valueRequired":true,"valueName":"search_term_string"}}],"inLanguage":"en-US"},{"@type":"Organization","@id":"https:\/\/www.kontakt.org.rs\/#organization","name":"Kontakt konferencija","url":"https:\/\/www.kontakt.org.rs\/","logo":{"@type":"ImageObject","inLanguage":"en-US","@id":"https:\/\/www.kontakt.org.rs\/#\/schema\/logo\/image\/","url":"https:\/\/www.kontakt.org.rs\/wp-content\/uploads\/2023\/01\/KONTAKT_23-header-logo-3.png","contentUrl":"https:\/\/www.kontakt.org.rs\/wp-content\/uploads\/2023\/01\/KONTAKT_23-header-logo-3.png","width":706,"height":71,"caption":"Kontakt konferencija"},"image":{"@id":"https:\/\/www.kontakt.org.rs\/#\/schema\/logo\/image\/"},"sameAs":["https:\/\/www.facebook.com\/KontaktBeograd\/","https:\/\/www.instagram.com\/kontakt_beograd\/"]}]}},"_links":{"self":[{"href":"https:\/\/www.kontakt.org.rs\/en\/wp-json\/wp\/v2\/avada_portfolio\/5979","targetHints":{"allow":["GET"]}}],"collection":[{"href":"https:\/\/www.kontakt.org.rs\/en\/wp-json\/wp\/v2\/avada_portfolio"}],"about":[{"href":"https:\/\/www.kontakt.org.rs\/en\/wp-json\/wp\/v2\/types\/avada_portfolio"}],"author":[{"embeddable":true,"href":"https:\/\/www.kontakt.org.rs\/en\/wp-json\/wp\/v2\/users\/1"}],"version-history":[{"count":2,"href":"https:\/\/www.kontakt.org.rs\/en\/wp-json\/wp\/v2\/avada_portfolio\/5979\/revisions"}],"predecessor-version":[{"id":6495,"href":"https:\/\/www.kontakt.org.rs\/en\/wp-json\/wp\/v2\/avada_portfolio\/5979\/revisions\/6495"}],"wp:featuredmedia":[{"embeddable":true,"href":"https:\/\/www.kontakt.org.rs\/en\/wp-json\/wp\/v2\/media\/4563"}],"wp:attachment":[{"href":"https:\/\/www.kontakt.org.rs\/en\/wp-json\/wp\/v2\/media?parent=5979"}],"wp:term":[{"taxonomy":"portfolio_category","embeddable":true,"href":"https:\/\/www.kontakt.org.rs\/en\/wp-json\/wp\/v2\/portfolio_category?post=5979"},{"taxonomy":"portfolio_skills","embeddable":true,"href":"https:\/\/www.kontakt.org.rs\/en\/wp-json\/wp\/v2\/portfolio_skills?post=5979"},{"taxonomy":"portfolio_tags","embeddable":true,"href":"https:\/\/www.kontakt.org.rs\/en\/wp-json\/wp\/v2\/portfolio_tags?post=5979"}],"curies":[{"name":"wp","href":"https:\/\/api.w.org\/{rel}","templated":true}]}}